{"id":2829,"date":"2022-08-23T19:47:02","date_gmt":"2022-08-23T17:47:02","guid":{"rendered":"https:\/\/jpa67.fr\/crejh\/?page_id=2829"},"modified":"2022-08-23T19:54:56","modified_gmt":"2022-08-23T17:54:56","slug":"collection-la-bande-a-ed","status":"publish","type":"page","link":"https:\/\/jpa67.fr\/crejh\/ressources\/livres-pedagogiques\/collection-la-bande-a-ed\/","title":{"rendered":"Collection \u00ab\u00a0La Bande \u00e0 Ed\u00a0\u00bb"},"content":{"rendered":"\t\t<div data-elementor-type=\"wp-page\" data-elementor-id=\"2829\" class=\"elementor elementor-2829\" data-elementor-post-type=\"page\">\n\t\t\t\t\t\t<section class=\"elementor-section elementor-top-section elementor-element elementor-element-8c0b902 elementor-section-boxed elementor-section-height-default elementor-section-height-default\" data-id=\"8c0b902\" data-element_type=\"section\">\n\t\t\t\t\t\t<div class=\"elementor-container elementor-column-gap-default\">\n\t\t\t\t\t<div class=\"elementor-column elementor-col-100 elementor-top-column elementor-element elementor-element-30543cc\" data-id=\"30543cc\" data-element_type=\"column\">\n\t\t\t<div class=\"elementor-widget-wrap elementor-element-populated\">\n\t\t\t\t\t\t<div class=\"elementor-element elementor-element-346d251 elementor-widget elementor-widget-spacer\" data-id=\"346d251\" data-element_type=\"widget\" data-widget_type=\"spacer.default\">\n\t\t\t\t<div class=\"elementor-widget-container\">\n\t\t\t\t\t<div class=\"elementor-spacer\">\n\t\t\t<div class=\"elementor-spacer-inner\"><\/div>\n\t\t<\/div>\n\t\t\t\t<\/div>\n\t\t\t\t<\/div>\n\t\t\t\t<div class=\"elementor-element elementor-element-70638ae elementor-widget elementor-widget-button\" data-id=\"70638ae\" data-element_type=\"widget\" data-widget_type=\"button.default\">\n\t\t\t\t<div class=\"elementor-widget-container\">\n\t\t\t\t\t<div class=\"elementor-button-wrapper\">\n\t\t\t<a class=\"elementor-button elementor-button-link elementor-size-lg\" href=\"https:\/\/jpa67.fr\/crejh\/ressources\/livres-pedagogiques\/\">\n\t\t\t\t\t\t<span class=\"elementor-button-content-wrapper\">\n\t\t\t\t\t\t<span class=\"elementor-button-icon elementor-align-icon-left\">\n\t\t\t\t<i aria-hidden=\"true\" class=\"fas fa-reply-all\"><\/i>\t\t\t<\/span>\n\t\t\t\t\t\t\t\t\t<span class=\"elementor-button-text\">Retour aux cat\u00e9gories<\/span>\n\t\t\t\t\t<\/span>\n\t\t\t\t\t<\/a>\n\t\t<\/div>\n\t\t\t\t<\/div>\n\t\t\t\t<\/div>\n\t\t\t\t<div class=\"elementor-element elementor-element-3862bab elementor-widget elementor-widget-text-editor\" data-id=\"3862bab\" data-element_type=\"widget\" data-widget_type=\"text-editor.default\">\n\t\t\t\t<div class=\"elementor-widget-container\">\n\t\t\t\t\t\t\t<p>Ed est un jeune handicap\u00e9 moteur, un \u00ab chaisard \u00bb comme ils s\u2019appellent. Il vit dans une cit\u00e9 avec sa bande de \u00ab bras cass\u00e9s \u00bb qui cumule les handicaps. On les suit dans leur quotidien fait de tracas, de frustrations et de coups de gueule, mais aussi de courage, de joie de vivre et d\u2019humour.<\/p>\t\t\t\t\t\t<\/div>\n\t\t\t\t<\/div>\n\t\t\t\t\t<\/div>\n\t\t<\/div>\n\t\t\t\t\t<\/div>\n\t\t<\/section>\n\t\t\t\t<section class=\"elementor-section elementor-top-section elementor-element elementor-element-2555d0b elementor-section-boxed elementor-section-height-default elementor-section-height-default\" data-id=\"2555d0b\" data-element_type=\"section\">\n\t\t\t\t\t\t<div class=\"elementor-container elementor-column-gap-default\">\n\t\t\t\t\t<div class=\"elementor-column elementor-col-100 elementor-top-column elementor-element elementor-element-13f51c1\" data-id=\"13f51c1\" data-element_type=\"column\">\n\t\t\t<div class=\"elementor-widget-wrap elementor-element-populated\">\n\t\t\t\t\t\t<div class=\"elementor-element elementor-element-51cf20c elementor-widget-divider--view-line elementor-widget elementor-widget-divider\" data-id=\"51cf20c\" data-element_type=\"widget\" data-widget_type=\"divider.default\">\n\t\t\t\t<div class=\"elementor-widget-container\">\n\t\t\t\t\t<div class=\"elementor-divider\">\n\t\t\t<span class=\"elementor-divider-separator\">\n\t\t\t\t\t\t<\/span>\n\t\t<\/div>\n\t\t\t\t<\/div>\n\t\t\t\t<\/div>\n\t\t\t\t\t<\/div>\n\t\t<\/div>\n\t\t\t\t\t<\/div>\n\t\t<\/section>\n\t\t\t\t<section class=\"elementor-section elementor-top-section elementor-element elementor-element-4191d50 elementor-section-boxed elementor-section-height-default elementor-section-height-default\" data-id=\"4191d50\" data-element_type=\"section\">\n\t\t\t\t\t\t<div class=\"elementor-container elementor-column-gap-default\">\n\t\t\t\t\t<div class=\"elementor-column elementor-col-16 elementor-top-column elementor-element elementor-element-27b8229\" data-id=\"27b8229\" data-element_type=\"column\">\n\t\t\t<div class=\"elementor-widget-wrap elementor-element-populated\">\n\t\t\t\t\t\t<div class=\"elementor-element elementor-element-a7fc178 elementor-widget elementor-widget-image\" data-id=\"a7fc178\" data-element_type=\"widget\" data-widget_type=\"image.default\">\n\t\t\t\t<div class=\"elementor-widget-container\">\n\t\t\t\t\t\t\t\t\t\t\t\t\t<img fetchpriority=\"high\" decoding=\"async\" width=\"225\" height=\"225\" src=\"https:\/\/jpa67.fr\/crejh\/wp-content\/uploads\/2022\/08\/laBandeAEd.jpg\" class=\"attachment-large size-large wp-image-2481\" alt=\"couverture La bande \u00e0 Ed\" srcset=\"https:\/\/jpa67.fr\/crejh\/wp-content\/uploads\/2022\/08\/laBandeAEd.jpg 225w, https:\/\/jpa67.fr\/crejh\/wp-content\/uploads\/2022\/08\/laBandeAEd-150x150.jpg 150w\" sizes=\"(max-width: 225px) 100vw, 225px\" \/>\t\t\t\t\t\t\t\t\t\t\t\t\t<\/div>\n\t\t\t\t<\/div>\n\t\t\t\t\t<\/div>\n\t\t<\/div>\n\t\t\t\t<div class=\"elementor-column elementor-col-66 elementor-top-column elementor-element elementor-element-93fc122\" data-id=\"93fc122\" data-element_type=\"column\">\n\t\t\t<div class=\"elementor-widget-wrap elementor-element-populated\">\n\t\t\t\t\t\t<div class=\"elementor-element elementor-element-cbab09f elementor-widget elementor-widget-heading\" data-id=\"cbab09f\" data-element_type=\"widget\" data-widget_type=\"heading.default\">\n\t\t\t\t<div class=\"elementor-widget-container\">\n\t\t\t<h2 class=\"elementor-heading-title elementor-size-default\">La Bande \u00e0 Ed | Tome 1 - Georges GRARD - \nGRRR\u2026ART<\/h2>\t\t<\/div>\n\t\t\t\t<\/div>\n\t\t\t\t<div class=\"elementor-element elementor-element-a87c17e elementor-widget elementor-widget-text-editor\" data-id=\"a87c17e\" data-element_type=\"widget\" data-widget_type=\"text-editor.default\">\n\t\t\t\t<div class=\"elementor-widget-container\">\n\t\t\t\t\t\t\t<p>\u00c9tienne arrive \u00e0 l\u2019\u00e9cole. En se d\u00e9shabillant, il s\u2019aper\u00e7oit qu\u2019il lui manque sa bo\u00eete \u00e0 lunch. \u00c0 l\u2019heure de la collation, Nicolas partage en cachette son g\u00e2teau au citron avec \u00c9tienne. Etienne devient couvert de boutons qui le gratouillent sur le menton. \u00ab A\u00efe ! \u00c7a pique ! \u00bb dit \u00c9tienne en se grattant et en se lamentant. \u00c9tienne est allergique aux oeufs et aux noisettes. C\u2019est tr\u00e8s dangereux de partager en cachette. Jos\u00e9e, leur professeure, leur explique ce qu\u2019il faudra faire si un jour \u00c9tienne ne peut plus respirer.<\/p>\t\t\t\t\t\t<\/div>\n\t\t\t\t<\/div>\n\t\t\t\t\t<\/div>\n\t\t<\/div>\n\t\t\t\t<div class=\"elementor-column elementor-col-16 elementor-top-column elementor-element elementor-element-0cb8ecd\" data-id=\"0cb8ecd\" data-element_type=\"column\">\n\t\t\t<div class=\"elementor-widget-wrap elementor-element-populated\">\n\t\t\t\t\t\t<div class=\"elementor-element elementor-element-a811c01 elementor-widget elementor-widget-image\" data-id=\"a811c01\" data-element_type=\"widget\" data-widget_type=\"image.default\">\n\t\t\t\t<div class=\"elementor-widget-container\">\n\t\t\t\t\t\t\t\t\t\t\t\t\t<img decoding=\"async\" width=\"600\" height=\"600\" src=\"https:\/\/jpa67.fr\/crejh\/wp-content\/uploads\/2022\/08\/picto_handicaps_bleu.jpg\" class=\"attachment-large size-large wp-image-2547\" alt=\"pictos tous handicaps\" srcset=\"https:\/\/jpa67.fr\/crejh\/wp-content\/uploads\/2022\/08\/picto_handicaps_bleu.jpg 600w, https:\/\/jpa67.fr\/crejh\/wp-content\/uploads\/2022\/08\/picto_handicaps_bleu-300x300.jpg 300w, https:\/\/jpa67.fr\/crejh\/wp-content\/uploads\/2022\/08\/picto_handicaps_bleu-150x150.jpg 150w\" sizes=\"(max-width: 600px) 100vw, 600px\" \/>\t\t\t\t\t\t\t\t\t\t\t\t\t<\/div>\n\t\t\t\t<\/div>\n\t\t\t\t\t<\/div>\n\t\t<\/div>\n\t\t\t\t\t<\/div>\n\t\t<\/section>\n\t\t\t\t<section class=\"elementor-section elementor-top-section elementor-element elementor-element-b9ea144 elementor-section-boxed elementor-section-height-default elementor-section-height-default\" data-id=\"b9ea144\" data-element_type=\"section\">\n\t\t\t\t\t\t<div class=\"elementor-container elementor-column-gap-default\">\n\t\t\t\t\t<div class=\"elementor-column elementor-col-100 elementor-top-column elementor-element elementor-element-def6843\" data-id=\"def6843\" data-element_type=\"column\">\n\t\t\t<div class=\"elementor-widget-wrap elementor-element-populated\">\n\t\t\t\t\t\t<div class=\"elementor-element elementor-element-d474fd6 elementor-widget-divider--view-line elementor-widget elementor-widget-divider\" data-id=\"d474fd6\" data-element_type=\"widget\" data-widget_type=\"divider.default\">\n\t\t\t\t<div class=\"elementor-widget-container\">\n\t\t\t\t\t<div class=\"elementor-divider\">\n\t\t\t<span class=\"elementor-divider-separator\">\n\t\t\t\t\t\t<\/span>\n\t\t<\/div>\n\t\t\t\t<\/div>\n\t\t\t\t<\/div>\n\t\t\t\t\t<\/div>\n\t\t<\/div>\n\t\t\t\t\t<\/div>\n\t\t<\/section>\n\t\t\t\t<section class=\"elementor-section elementor-top-section elementor-element elementor-element-a1a581a elementor-section-boxed elementor-section-height-default elementor-section-height-default\" data-id=\"a1a581a\" data-element_type=\"section\">\n\t\t\t\t\t\t<div class=\"elementor-container elementor-column-gap-default\">\n\t\t\t\t\t<div class=\"elementor-column elementor-col-16 elementor-top-column elementor-element elementor-element-d32b6aa\" data-id=\"d32b6aa\" data-element_type=\"column\">\n\t\t\t<div class=\"elementor-widget-wrap elementor-element-populated\">\n\t\t\t\t\t\t<div class=\"elementor-element elementor-element-130f50c elementor-widget elementor-widget-image\" data-id=\"130f50c\" data-element_type=\"widget\" data-widget_type=\"image.default\">\n\t\t\t\t<div class=\"elementor-widget-container\">\n\t\t\t\t\t\t\t\t\t\t\t\t\t<img decoding=\"async\" width=\"225\" height=\"225\" src=\"https:\/\/jpa67.fr\/crejh\/wp-content\/uploads\/2022\/08\/laBandeAEd_tousAPeyrax.jpg\" class=\"attachment-large size-large wp-image-2648\" alt=\"couverture la bande \u00e0 Ed Tous a Peyrax\" srcset=\"https:\/\/jpa67.fr\/crejh\/wp-content\/uploads\/2022\/08\/laBandeAEd_tousAPeyrax.jpg 225w, https:\/\/jpa67.fr\/crejh\/wp-content\/uploads\/2022\/08\/laBandeAEd_tousAPeyrax-150x150.jpg 150w\" sizes=\"(max-width: 225px) 100vw, 225px\" \/>\t\t\t\t\t\t\t\t\t\t\t\t\t<\/div>\n\t\t\t\t<\/div>\n\t\t\t\t\t<\/div>\n\t\t<\/div>\n\t\t\t\t<div class=\"elementor-column elementor-col-66 elementor-top-column elementor-element elementor-element-2d5523d\" data-id=\"2d5523d\" data-element_type=\"column\">\n\t\t\t<div class=\"elementor-widget-wrap elementor-element-populated\">\n\t\t\t\t\t\t<div class=\"elementor-element elementor-element-612afcb elementor-widget elementor-widget-heading\" data-id=\"612afcb\" data-element_type=\"widget\" data-widget_type=\"heading.default\">\n\t\t\t\t<div class=\"elementor-widget-container\">\n\t\t\t<h2 class=\"elementor-heading-title elementor-size-default\">La Bande \u00e0 Ed | Tome 2 (\u00ab Tous \u00e0 Peyrax \u00bb) - Georges GRARD - GRRR\u2026ART<\/h2>\t\t<\/div>\n\t\t\t\t<\/div>\n\t\t\t\t<div class=\"elementor-element elementor-element-c7bcdf1 elementor-widget elementor-widget-text-editor\" data-id=\"c7bcdf1\" data-element_type=\"widget\" data-widget_type=\"text-editor.default\">\n\t\t\t\t<div class=\"elementor-widget-container\">\n\t\t\t\t\t\t\t<p>Ed le chaisard et sa bande (Sam l\u2019ob\u00e8se, Gad de petite taille, Chang le malvoyant et Tommy, le \u00abd\u00e9cal\u00e9\u00bb) vont repr\u00e9senter pour l\u2019inauguration d\u2019une maison du handicap, la jeunesse de leur cit\u00e9 du Val Fleuri \u00e0 Peyrax les bains, dans les Landes. Un s\u00e9jour d\u2019une semaine qui va les mener en bus, en train et en voiture de la plage \u00e0 un semi-marathon en passant par un spectacle de vachettes, une interview \u00e0 la t\u00e9l\u00e9 et un concert de Little Bob.<\/p>\t\t\t\t\t\t<\/div>\n\t\t\t\t<\/div>\n\t\t\t\t\t<\/div>\n\t\t<\/div>\n\t\t\t\t<div class=\"elementor-column elementor-col-16 elementor-top-column elementor-element elementor-element-2298690\" data-id=\"2298690\" data-element_type=\"column\">\n\t\t\t<div class=\"elementor-widget-wrap elementor-element-populated\">\n\t\t\t\t\t\t<div class=\"elementor-element elementor-element-5b01177 elementor-widget elementor-widget-image\" data-id=\"5b01177\" data-element_type=\"widget\" data-widget_type=\"image.default\">\n\t\t\t\t<div class=\"elementor-widget-container\">\n\t\t\t\t\t\t\t\t\t\t\t\t\t<img decoding=\"async\" width=\"600\" height=\"600\" src=\"https:\/\/jpa67.fr\/crejh\/wp-content\/uploads\/2022\/08\/picto_handicaps_bleu.jpg\" class=\"attachment-large size-large wp-image-2547\" alt=\"pictos tous handicaps\" srcset=\"https:\/\/jpa67.fr\/crejh\/wp-content\/uploads\/2022\/08\/picto_handicaps_bleu.jpg 600w, https:\/\/jpa67.fr\/crejh\/wp-content\/uploads\/2022\/08\/picto_handicaps_bleu-300x300.jpg 300w, https:\/\/jpa67.fr\/crejh\/wp-content\/uploads\/2022\/08\/picto_handicaps_bleu-150x150.jpg 150w\" sizes=\"(max-width: 600px) 100vw, 600px\" \/>\t\t\t\t\t\t\t\t\t\t\t\t\t<\/div>\n\t\t\t\t<\/div>\n\t\t\t\t\t<\/div>\n\t\t<\/div>\n\t\t\t\t\t<\/div>\n\t\t<\/section>\n\t\t\t\t<section class=\"elementor-section elementor-top-section elementor-element elementor-element-f514b12 elementor-section-boxed elementor-section-height-default elementor-section-height-default\" data-id=\"f514b12\" data-element_type=\"section\">\n\t\t\t\t\t\t<div class=\"elementor-container elementor-column-gap-default\">\n\t\t\t\t\t<div class=\"elementor-column elementor-col-100 elementor-top-column elementor-element elementor-element-29d718d\" data-id=\"29d718d\" data-element_type=\"column\">\n\t\t\t<div class=\"elementor-widget-wrap elementor-element-populated\">\n\t\t\t\t\t\t<div class=\"elementor-element elementor-element-0c5335a elementor-widget-divider--view-line elementor-widget elementor-widget-divider\" data-id=\"0c5335a\" data-element_type=\"widget\" data-widget_type=\"divider.default\">\n\t\t\t\t<div class=\"elementor-widget-container\">\n\t\t\t\t\t<div class=\"elementor-divider\">\n\t\t\t<span class=\"elementor-divider-separator\">\n\t\t\t\t\t\t<\/span>\n\t\t<\/div>\n\t\t\t\t<\/div>\n\t\t\t\t<\/div>\n\t\t\t\t\t<\/div>\n\t\t<\/div>\n\t\t\t\t\t<\/div>\n\t\t<\/section>\n\t\t\t\t<section class=\"elementor-section elementor-top-section elementor-element elementor-element-596ce82 elementor-section-boxed elementor-section-height-default elementor-section-height-default\" data-id=\"596ce82\" data-element_type=\"section\">\n\t\t\t\t\t\t<div class=\"elementor-container elementor-column-gap-default\">\n\t\t\t\t\t<div class=\"elementor-column elementor-col-16 elementor-top-column elementor-element elementor-element-daa278c\" data-id=\"daa278c\" data-element_type=\"column\">\n\t\t\t<div class=\"elementor-widget-wrap elementor-element-populated\">\n\t\t\t\t\t\t<div class=\"elementor-element elementor-element-256ad34 elementor-widget elementor-widget-image\" data-id=\"256ad34\" data-element_type=\"widget\" data-widget_type=\"image.default\">\n\t\t\t\t<div class=\"elementor-widget-container\">\n\t\t\t\t\t\t\t\t\t\t\t\t\t<img loading=\"lazy\" decoding=\"async\" width=\"194\" height=\"260\" src=\"https:\/\/jpa67.fr\/crejh\/wp-content\/uploads\/2022\/08\/laBandeAEd_festIval.jpg\" class=\"attachment-medium_large size-medium_large wp-image-2647\" alt=\"couverture la bande \u00e0 Ed Festival\" \/>\t\t\t\t\t\t\t\t\t\t\t\t\t<\/div>\n\t\t\t\t<\/div>\n\t\t\t\t\t<\/div>\n\t\t<\/div>\n\t\t\t\t<div class=\"elementor-column elementor-col-66 elementor-top-column elementor-element elementor-element-5ea01b4\" data-id=\"5ea01b4\" data-element_type=\"column\">\n\t\t\t<div class=\"elementor-widget-wrap elementor-element-populated\">\n\t\t\t\t\t\t<div class=\"elementor-element elementor-element-355f049 elementor-widget elementor-widget-heading\" data-id=\"355f049\" data-element_type=\"widget\" data-widget_type=\"heading.default\">\n\t\t\t\t<div class=\"elementor-widget-container\">\n\t\t\t<h2 class=\"elementor-heading-title elementor-size-default\">La Bande \u00e0 Ed | Tome 3 (\u00ab Festi\u2019Val Fleuri \u00bb) - Georges GRARD - GRRR\u2026ART<\/h2>\t\t<\/div>\n\t\t\t\t<\/div>\n\t\t\t\t<div class=\"elementor-element elementor-element-b2123fb elementor-widget elementor-widget-text-editor\" data-id=\"b2123fb\" data-element_type=\"widget\" data-widget_type=\"text-editor.default\">\n\t\t\t\t<div class=\"elementor-widget-container\">\n\t\t\t\t\t\t\t<p>Ce troisi\u00e8me tome se situe dans la cit\u00e9 et met un coup de projecteur salvateur sur le \u00ab Vivre ensemble \u00bb en cette p\u00e9riode o\u00f9 l\u2019individualisme et le repli au sein de \u00ab sa \u00bb communaut\u00e9 sont de rigueur\u2026 La bande va s\u2019\u00e9vertuer \u00e0 monter un Festival \u00ab participatif \u00bb et \u00e0 rassembler toutes les forces vives et cr\u00e9atrices de leur \u00ab Val Fleuri \u00bb. Une f\u00eate comme \u00e9tendard des diff\u00e9rences et de la mixit\u00e9 qui, avec le soutien de parrains inattendus (on vous laisse la surprise), va mettre tout le monde d\u2019accord\u2026<\/p>\t\t\t\t\t\t<\/div>\n\t\t\t\t<\/div>\n\t\t\t\t\t<\/div>\n\t\t<\/div>\n\t\t\t\t<div class=\"elementor-column elementor-col-16 elementor-top-column elementor-element elementor-element-c877f29\" data-id=\"c877f29\" data-element_type=\"column\">\n\t\t\t<div class=\"elementor-widget-wrap elementor-element-populated\">\n\t\t\t\t\t\t<div class=\"elementor-element elementor-element-3e521a8 elementor-widget elementor-widget-image\" data-id=\"3e521a8\" data-element_type=\"widget\" data-widget_type=\"image.default\">\n\t\t\t\t<div class=\"elementor-widget-container\">\n\t\t\t\t\t\t\t\t\t\t\t\t\t<img decoding=\"async\" width=\"600\" height=\"600\" src=\"https:\/\/jpa67.fr\/crejh\/wp-content\/uploads\/2022\/08\/picto_handicaps_bleu.jpg\" class=\"attachment-large size-large wp-image-2547\" alt=\"pictos tous handicaps\" srcset=\"https:\/\/jpa67.fr\/crejh\/wp-content\/uploads\/2022\/08\/picto_handicaps_bleu.jpg 600w, https:\/\/jpa67.fr\/crejh\/wp-content\/uploads\/2022\/08\/picto_handicaps_bleu-300x300.jpg 300w, https:\/\/jpa67.fr\/crejh\/wp-content\/uploads\/2022\/08\/picto_handicaps_bleu-150x150.jpg 150w\" sizes=\"(max-width: 600px) 100vw, 600px\" \/>\t\t\t\t\t\t\t\t\t\t\t\t\t<\/div>\n\t\t\t\t<\/div>\n\t\t\t\t\t<\/div>\n\t\t<\/div>\n\t\t\t\t\t<\/div>\n\t\t<\/section>\n\t\t\t\t<section class=\"elementor-section elementor-top-section elementor-element elementor-element-4bf3ffa elementor-section-boxed elementor-section-height-default elementor-section-height-default\" data-id=\"4bf3ffa\" data-element_type=\"section\">\n\t\t\t\t\t\t<div class=\"elementor-container elementor-column-gap-default\">\n\t\t\t\t\t<div class=\"elementor-column elementor-col-100 elementor-top-column elementor-element elementor-element-b255a8d\" data-id=\"b255a8d\" data-element_type=\"column\">\n\t\t\t<div class=\"elementor-widget-wrap elementor-element-populated\">\n\t\t\t\t\t\t<div class=\"elementor-element elementor-element-8c3f40e elementor-widget-divider--view-line elementor-widget elementor-widget-divider\" data-id=\"8c3f40e\" data-element_type=\"widget\" data-widget_type=\"divider.default\">\n\t\t\t\t<div class=\"elementor-widget-container\">\n\t\t\t\t\t<div class=\"elementor-divider\">\n\t\t\t<span class=\"elementor-divider-separator\">\n\t\t\t\t\t\t<\/span>\n\t\t<\/div>\n\t\t\t\t<\/div>\n\t\t\t\t<\/div>\n\t\t\t\t\t<\/div>\n\t\t<\/div>\n\t\t\t\t\t<\/div>\n\t\t<\/section>\n\t\t\t\t<section class=\"elementor-section elementor-top-section elementor-element elementor-element-fe9e287 elementor-section-boxed elementor-section-height-default elementor-section-height-default\" data-id=\"fe9e287\" data-element_type=\"section\">\n\t\t\t\t\t\t<div class=\"elementor-container elementor-column-gap-default\">\n\t\t\t\t\t<div class=\"elementor-column elementor-col-16 elementor-top-column elementor-element elementor-element-96c05f2\" data-id=\"96c05f2\" data-element_type=\"column\">\n\t\t\t<div class=\"elementor-widget-wrap elementor-element-populated\">\n\t\t\t\t\t\t<div class=\"elementor-element elementor-element-a2abfb9 elementor-widget elementor-widget-image\" data-id=\"a2abfb9\" data-element_type=\"widget\" data-widget_type=\"image.default\">\n\t\t\t\t<div class=\"elementor-widget-container\">\n\t\t\t\t\t\t\t\t\t\t\t\t\t<img loading=\"lazy\" decoding=\"async\" width=\"194\" height=\"260\" src=\"https:\/\/jpa67.fr\/crejh\/wp-content\/uploads\/2022\/08\/laBandeAEd_auBoulot.jpg\" class=\"attachment-large size-large wp-image-2646\" alt=\"couverture la bande \u00e0 Ed Au boulot\" \/>\t\t\t\t\t\t\t\t\t\t\t\t\t<\/div>\n\t\t\t\t<\/div>\n\t\t\t\t\t<\/div>\n\t\t<\/div>\n\t\t\t\t<div class=\"elementor-column elementor-col-66 elementor-top-column elementor-element elementor-element-a4a3152\" data-id=\"a4a3152\" data-element_type=\"column\">\n\t\t\t<div class=\"elementor-widget-wrap elementor-element-populated\">\n\t\t\t\t\t\t<div class=\"elementor-element elementor-element-1bc4ba3 elementor-widget elementor-widget-heading\" data-id=\"1bc4ba3\" data-element_type=\"widget\" data-widget_type=\"heading.default\">\n\t\t\t\t<div class=\"elementor-widget-container\">\n\t\t\t<h2 class=\"elementor-heading-title elementor-size-default\">La Bande \u00e0 Ed | Tome 4 (\u00ab Au boulot \u00bb) - Georges GRARD - GRRR\u2026ART<\/h2>\t\t<\/div>\n\t\t\t\t<\/div>\n\t\t\t\t<div class=\"elementor-element elementor-element-bafdb00 elementor-widget elementor-widget-text-editor\" data-id=\"bafdb00\" data-element_type=\"widget\" data-widget_type=\"text-editor.default\">\n\t\t\t\t<div class=\"elementor-widget-container\">\n\t\t\t\t\t\t\t<p>Ce quatri\u00e8me tome se situe dans la cit\u00e9 et met un coup de projecteur salvateur sur le \u00ab Vivre ensemble \u00bb en cette p\u00e9riode o\u00f9 l\u2019individualisme et le repli au sein de \u00ab sa \u00bb communaut\u00e9 sont de rigueur\u2026 La bande effectue son stage dans diff\u00e9rentes entreprises (Mad Dog, en T\u00e9l\u00e9phonie, \u00e0 la MJC, \u00e0 la M\u00e9diath\u00e8que, chez un v\u00e9t\u00e9rinaire ou une boite informatique) C\u2019est une bonne claque aux mauvaises humeurs et odeurs\u2026<\/p>\t\t\t\t\t\t<\/div>\n\t\t\t\t<\/div>\n\t\t\t\t\t<\/div>\n\t\t<\/div>\n\t\t\t\t<div class=\"elementor-column elementor-col-16 elementor-top-column elementor-element elementor-element-34511b2\" data-id=\"34511b2\" data-element_type=\"column\">\n\t\t\t<div class=\"elementor-widget-wrap elementor-element-populated\">\n\t\t\t\t\t\t<div class=\"elementor-element elementor-element-d7a090b elementor-widget elementor-widget-image\" data-id=\"d7a090b\" data-element_type=\"widget\" data-widget_type=\"image.default\">\n\t\t\t\t<div class=\"elementor-widget-container\">\n\t\t\t\t\t\t\t\t\t\t\t\t\t<img decoding=\"async\" width=\"600\" height=\"600\" src=\"https:\/\/jpa67.fr\/crejh\/wp-content\/uploads\/2022\/08\/picto_handicaps_bleu.jpg\" class=\"attachment-large size-large wp-image-2547\" alt=\"pictos tous handicaps\" srcset=\"https:\/\/jpa67.fr\/crejh\/wp-content\/uploads\/2022\/08\/picto_handicaps_bleu.jpg 600w, https:\/\/jpa67.fr\/crejh\/wp-content\/uploads\/2022\/08\/picto_handicaps_bleu-300x300.jpg 300w, https:\/\/jpa67.fr\/crejh\/wp-content\/uploads\/2022\/08\/picto_handicaps_bleu-150x150.jpg 150w\" sizes=\"(max-width: 600px) 100vw, 600px\" \/>\t\t\t\t\t\t\t\t\t\t\t\t\t<\/div>\n\t\t\t\t<\/div>\n\t\t\t\t\t<\/div>\n\t\t<\/div>\n\t\t\t\t\t<\/div>\n\t\t<\/section>\n\t\t\t\t<section class=\"elementor-section elementor-top-section elementor-element elementor-element-ad00961 elementor-section-boxed elementor-section-height-default elementor-section-height-default\" data-id=\"ad00961\" data-element_type=\"section\">\n\t\t\t\t\t\t<div class=\"elementor-container elementor-column-gap-default\">\n\t\t\t\t\t<div class=\"elementor-column elementor-col-100 elementor-top-column elementor-element elementor-element-8754ac0\" data-id=\"8754ac0\" data-element_type=\"column\">\n\t\t\t<div class=\"elementor-widget-wrap elementor-element-populated\">\n\t\t\t\t\t\t<div class=\"elementor-element elementor-element-ea64818 elementor-widget-divider--view-line elementor-widget elementor-widget-divider\" data-id=\"ea64818\" data-element_type=\"widget\" data-widget_type=\"divider.default\">\n\t\t\t\t<div class=\"elementor-widget-container\">\n\t\t\t\t\t<div class=\"elementor-divider\">\n\t\t\t<span class=\"elementor-divider-separator\">\n\t\t\t\t\t\t<\/span>\n\t\t<\/div>\n\t\t\t\t<\/div>\n\t\t\t\t<\/div>\n\t\t\t\t\t<\/div>\n\t\t<\/div>\n\t\t\t\t\t<\/div>\n\t\t<\/section>\n\t\t\t\t<section class=\"elementor-section elementor-top-section elementor-element elementor-element-80602d3 elementor-section-boxed elementor-section-height-default elementor-section-height-default\" data-id=\"80602d3\" data-element_type=\"section\">\n\t\t\t\t\t\t<div class=\"elementor-container elementor-column-gap-default\">\n\t\t\t\t\t<div class=\"elementor-column elementor-col-16 elementor-top-column elementor-element elementor-element-b16927f\" data-id=\"b16927f\" data-element_type=\"column\">\n\t\t\t<div class=\"elementor-widget-wrap elementor-element-populated\">\n\t\t\t\t\t\t<div class=\"elementor-element elementor-element-8c44f37 elementor-widget elementor-widget-image\" data-id=\"8c44f37\" data-element_type=\"widget\" data-widget_type=\"image.default\">\n\t\t\t\t<div class=\"elementor-widget-container\">\n\t\t\t\t\t\t\t\t\t\t\t\t\t<img loading=\"lazy\" decoding=\"async\" width=\"190\" height=\"265\" src=\"https:\/\/jpa67.fr\/crejh\/wp-content\/uploads\/2022\/08\/laBandeAEd_tousDifferent.jpg\" class=\"attachment-large size-large wp-image-2649\" alt=\"couverture la bande \u00e0 Ed Tous diff\u00e9rents\" \/>\t\t\t\t\t\t\t\t\t\t\t\t\t<\/div>\n\t\t\t\t<\/div>\n\t\t\t\t\t<\/div>\n\t\t<\/div>\n\t\t\t\t<div class=\"elementor-column elementor-col-66 elementor-top-column elementor-element elementor-element-7156d49\" data-id=\"7156d49\" data-element_type=\"column\">\n\t\t\t<div class=\"elementor-widget-wrap elementor-element-populated\">\n\t\t\t\t\t\t<div class=\"elementor-element elementor-element-3149219 elementor-widget elementor-widget-heading\" data-id=\"3149219\" data-element_type=\"widget\" data-widget_type=\"heading.default\">\n\t\t\t\t<div class=\"elementor-widget-container\">\n\t\t\t<h2 class=\"elementor-heading-title elementor-size-default\">La Bande \u00e0 Ed (\u00ab Tous ensemble, tous diff\u00e9rents \u00bb) - Georges GRARD - GRRR\u2026ART<\/h2>\t\t<\/div>\n\t\t\t\t<\/div>\n\t\t\t\t<div class=\"elementor-element elementor-element-8394978 elementor-widget elementor-widget-text-editor\" data-id=\"8394978\" data-element_type=\"widget\" data-widget_type=\"text-editor.default\">\n\t\t\t\t<div class=\"elementor-widget-container\">\n\t\t\t\t\t\t\t<p>\u00ab Tous ensemble et tous diff\u00e9rents \u00bb (Un autre regard sur le handicap) est un outil ludique pour apprendre, comprendre et informer sur le handicap. Format bande dessin\u00e9e, il contient 25 pages de planches BD tir\u00e9es des trois premiers tomes de \u00ab La bande \u00e0 Ed \u00bb de Jak et Geg, de 2 pages de quizz, de 11 pages de fiches pratiques o\u00f9 sont abord\u00e9s la connaissance du handicap, la Loi du 11 f\u00e9vrier 2005, l\u2019accessibilit\u00e9, la scolarisation, la formation, l\u2019emploi, les discriminations et le regard que l\u2019on porte \u00e0 l\u2019autre. Un ab\u00e9c\u00e9daire fin et pertinent compl\u00e8te l\u2019ouvrage ainsi qu\u2019un test final espi\u00e8gle et joyeux !<\/p>\t\t\t\t\t\t<\/div>\n\t\t\t\t<\/div>\n\t\t\t\t\t<\/div>\n\t\t<\/div>\n\t\t\t\t<div class=\"elementor-column elementor-col-16 elementor-top-column elementor-element elementor-element-618c93a\" data-id=\"618c93a\" data-element_type=\"column\">\n\t\t\t<div class=\"elementor-widget-wrap elementor-element-populated\">\n\t\t\t\t\t\t<div class=\"elementor-element elementor-element-c6c3944 elementor-widget elementor-widget-image\" data-id=\"c6c3944\" data-element_type=\"widget\" data-widget_type=\"image.default\">\n\t\t\t\t<div class=\"elementor-widget-container\">\n\t\t\t\t\t\t\t\t\t\t\t\t\t<img decoding=\"async\" width=\"600\" height=\"600\" src=\"https:\/\/jpa67.fr\/crejh\/wp-content\/uploads\/2022\/08\/picto_handicaps_bleu.jpg\" class=\"attachment-large size-large wp-image-2547\" alt=\"pictos tous handicaps\" srcset=\"https:\/\/jpa67.fr\/crejh\/wp-content\/uploads\/2022\/08\/picto_handicaps_bleu.jpg 600w, https:\/\/jpa67.fr\/crejh\/wp-content\/uploads\/2022\/08\/picto_handicaps_bleu-300x300.jpg 300w, https:\/\/jpa67.fr\/crejh\/wp-content\/uploads\/2022\/08\/picto_handicaps_bleu-150x150.jpg 150w\" sizes=\"(max-width: 600px) 100vw, 600px\" \/>\t\t\t\t\t\t\t\t\t\t\t\t\t<\/div>\n\t\t\t\t<\/div>\n\t\t\t\t\t<\/div>\n\t\t<\/div>\n\t\t\t\t\t<\/div>\n\t\t<\/section>\n\t\t\t\t<section class=\"elementor-section elementor-top-section elementor-element elementor-element-4ae5c90 elementor-section-boxed elementor-section-height-default elementor-section-height-default\" data-id=\"4ae5c90\" data-element_type=\"section\">\n\t\t\t\t\t\t<div class=\"elementor-container elementor-column-gap-default\">\n\t\t\t\t\t<div class=\"elementor-column elementor-col-100 elementor-top-column elementor-element elementor-element-82a28c5\" data-id=\"82a28c5\" data-element_type=\"column\">\n\t\t\t<div class=\"elementor-widget-wrap elementor-element-populated\">\n\t\t\t\t\t\t<div class=\"elementor-element elementor-element-289630d elementor-widget elementor-widget-spacer\" data-id=\"289630d\" data-element_type=\"widget\" data-widget_type=\"spacer.default\">\n\t\t\t\t<div class=\"elementor-widget-container\">\n\t\t\t\t\t<div class=\"elementor-spacer\">\n\t\t\t<div class=\"elementor-spacer-inner\"><\/div>\n\t\t<\/div>\n\t\t\t\t<\/div>\n\t\t\t\t<\/div>\n\t\t\t\t\t<\/div>\n\t\t<\/div>\n\t\t\t\t\t<\/div>\n\t\t<\/section>\n\t\t\t\t<\/div>\n\t\t","protected":false},"excerpt":{"rendered":"<p>Retour aux cat\u00e9gories Ed est un jeune handicap\u00e9 moteur, un \u00ab chaisard \u00bb comme ils s\u2019appellent. Il vit dans une cit\u00e9 avec sa bande de \u00ab bras cass\u00e9s \u00bb qui cumule les handicaps. On les suit dans leur quotidien fait de tracas, de frustrations et de coups de gueule, mais aussi de courage, de joie [&hellip;]<\/p>\n","protected":false},"author":1,"featured_media":0,"parent":2428,"menu_order":0,"comment_status":"closed","ping_status":"closed","template":"","meta":{"footnotes":""},"class_list":["post-2829","page","type-page","status-publish","hentry"],"_links":{"self":[{"href":"https:\/\/jpa67.fr\/crejh\/wp-json\/wp\/v2\/pages\/2829","targetHints":{"allow":["GET"]}}],"collection":[{"href":"https:\/\/jpa67.fr\/crejh\/wp-json\/wp\/v2\/pages"}],"about":[{"href":"https:\/\/jpa67.fr\/crejh\/wp-json\/wp\/v2\/types\/page"}],"author":[{"embeddable":true,"href":"https:\/\/jpa67.fr\/crejh\/wp-json\/wp\/v2\/users\/1"}],"replies":[{"embeddable":true,"href":"https:\/\/jpa67.fr\/crejh\/wp-json\/wp\/v2\/comments?post=2829"}],"version-history":[{"count":31,"href":"https:\/\/jpa67.fr\/crejh\/wp-json\/wp\/v2\/pages\/2829\/revisions"}],"predecessor-version":[{"id":2863,"href":"https:\/\/jpa67.fr\/crejh\/wp-json\/wp\/v2\/pages\/2829\/revisions\/2863"}],"up":[{"embeddable":true,"href":"https:\/\/jpa67.fr\/crejh\/wp-json\/wp\/v2\/pages\/2428"}],"wp:attachment":[{"href":"https:\/\/jpa67.fr\/crejh\/wp-json\/wp\/v2\/media?parent=2829"}],"curies":[{"name":"wp","href":"https:\/\/api.w.org\/{rel}","templated":true}]}}