{"id":3089,"date":"2022-08-24T15:03:59","date_gmt":"2022-08-24T13:03:59","guid":{"rendered":"https:\/\/jpa67.fr\/crejh\/?page_id=3089"},"modified":"2024-10-01T11:01:19","modified_gmt":"2024-10-01T09:01:19","slug":"fichiers-pedagogiques","status":"publish","type":"page","link":"https:\/\/jpa67.fr\/crejh\/ressources\/fichiers-documentaires-brochures-affiches\/fichiers-pedagogiques\/","title":{"rendered":"Fichiers p\u00e9dagogiques"},"content":{"rendered":"\t\t<div data-elementor-type=\"wp-page\" data-elementor-id=\"3089\" class=\"elementor elementor-3089\" data-elementor-post-type=\"page\">\n\t\t\t\t\t\t<section class=\"elementor-section elementor-top-section elementor-element elementor-element-64fb7d2 elementor-section-boxed elementor-section-height-default elementor-section-height-default\" data-id=\"64fb7d2\" data-element_type=\"section\">\n\t\t\t\t\t\t<div class=\"elementor-container elementor-column-gap-default\">\n\t\t\t\t\t<div class=\"elementor-column elementor-col-100 elementor-top-column elementor-element elementor-element-9740961\" data-id=\"9740961\" data-element_type=\"column\">\n\t\t\t<div class=\"elementor-widget-wrap elementor-element-populated\">\n\t\t\t\t\t\t<div class=\"elementor-element elementor-element-d5f52a4 elementor-widget elementor-widget-spacer\" data-id=\"d5f52a4\" data-element_type=\"widget\" data-widget_type=\"spacer.default\">\n\t\t\t\t<div class=\"elementor-widget-container\">\n\t\t\t\t\t<div class=\"elementor-spacer\">\n\t\t\t<div class=\"elementor-spacer-inner\"><\/div>\n\t\t<\/div>\n\t\t\t\t<\/div>\n\t\t\t\t<\/div>\n\t\t\t\t<div class=\"elementor-element elementor-element-efc26b5 elementor-widget elementor-widget-button\" data-id=\"efc26b5\" data-element_type=\"widget\" data-widget_type=\"button.default\">\n\t\t\t\t<div class=\"elementor-widget-container\">\n\t\t\t\t\t<div class=\"elementor-button-wrapper\">\n\t\t\t<a class=\"elementor-button elementor-button-link elementor-size-lg\" href=\"https:\/\/jpa67.fr\/crejh\/ressources\/fichiers-documentaires-brochures-affiches\/\">\n\t\t\t\t\t\t<span class=\"elementor-button-content-wrapper\">\n\t\t\t\t\t\t<span class=\"elementor-button-icon elementor-align-icon-left\">\n\t\t\t\t<i aria-hidden=\"true\" class=\"fas fa-reply-all\"><\/i>\t\t\t<\/span>\n\t\t\t\t\t\t\t\t\t<span class=\"elementor-button-text\">Retour aux cat\u00e9gories<\/span>\n\t\t\t\t\t<\/span>\n\t\t\t\t\t<\/a>\n\t\t<\/div>\n\t\t\t\t<\/div>\n\t\t\t\t<\/div>\n\t\t\t\t<div class=\"elementor-element elementor-element-aeb7b80 elementor-widget elementor-widget-spacer\" data-id=\"aeb7b80\" data-element_type=\"widget\" data-widget_type=\"spacer.default\">\n\t\t\t\t<div class=\"elementor-widget-container\">\n\t\t\t\t\t<div class=\"elementor-spacer\">\n\t\t\t<div class=\"elementor-spacer-inner\"><\/div>\n\t\t<\/div>\n\t\t\t\t<\/div>\n\t\t\t\t<\/div>\n\t\t\t\t\t<\/div>\n\t\t<\/div>\n\t\t\t\t\t<\/div>\n\t\t<\/section>\n\t\t\t\t<section class=\"elementor-section elementor-top-section elementor-element elementor-element-1dc31fb elementor-section-boxed elementor-section-height-default elementor-section-height-default\" data-id=\"1dc31fb\" data-element_type=\"section\">\n\t\t\t\t\t\t<div class=\"elementor-container elementor-column-gap-default\">\n\t\t\t\t\t<div class=\"elementor-column elementor-col-16 elementor-top-column elementor-element elementor-element-aa47aa7\" data-id=\"aa47aa7\" data-element_type=\"column\">\n\t\t\t<div class=\"elementor-widget-wrap elementor-element-populated\">\n\t\t\t\t\t\t<div class=\"elementor-element elementor-element-be6f0e1 elementor-widget elementor-widget-image\" data-id=\"be6f0e1\" data-element_type=\"widget\" data-widget_type=\"image.default\">\n\t\t\t\t<div class=\"elementor-widget-container\">\n\t\t\t\t\t\t\t\t\t\t\t\t\t<img fetchpriority=\"high\" decoding=\"async\" width=\"724\" height=\"1024\" src=\"https:\/\/jpa67.fr\/crejh\/wp-content\/uploads\/2024\/10\/1erepage-724x1024.jpg\" class=\"attachment-large size-large wp-image-4245\" alt=\"\" srcset=\"https:\/\/jpa67.fr\/crejh\/wp-content\/uploads\/2024\/10\/1erepage-724x1024.jpg 724w, https:\/\/jpa67.fr\/crejh\/wp-content\/uploads\/2024\/10\/1erepage-212x300.jpg 212w, https:\/\/jpa67.fr\/crejh\/wp-content\/uploads\/2024\/10\/1erepage-768x1086.jpg 768w, https:\/\/jpa67.fr\/crejh\/wp-content\/uploads\/2024\/10\/1erepage-1086x1536.jpg 1086w, https:\/\/jpa67.fr\/crejh\/wp-content\/uploads\/2024\/10\/1erepage-1448x2048.jpg 1448w, https:\/\/jpa67.fr\/crejh\/wp-content\/uploads\/2024\/10\/1erepage.jpg 1654w\" sizes=\"(max-width: 724px) 100vw, 724px\" \/>\t\t\t\t\t\t\t\t\t\t\t\t\t<\/div>\n\t\t\t\t<\/div>\n\t\t\t\t\t<\/div>\n\t\t<\/div>\n\t\t\t\t<div class=\"elementor-column elementor-col-66 elementor-top-column elementor-element elementor-element-deef839\" data-id=\"deef839\" data-element_type=\"column\">\n\t\t\t<div class=\"elementor-widget-wrap elementor-element-populated\">\n\t\t\t\t\t\t<div class=\"elementor-element elementor-element-6a1a3c1 elementor-widget elementor-widget-heading\" data-id=\"6a1a3c1\" data-element_type=\"widget\" data-widget_type=\"heading.default\">\n\t\t\t\t<div class=\"elementor-widget-container\">\n\t\t\t<h2 class=\"elementor-heading-title elementor-size-default\">Accueillir un enfant en situation de handicap, Guide \u00e0 l\u2019usage des organisateurs, des directeurs et des \u00e9quipes - Direction D\u00e9partementale de la Jeunesse et des Sports de la Vend\u00e9e<\/h2>\t\t<\/div>\n\t\t\t\t<\/div>\n\t\t\t\t<div class=\"elementor-element elementor-element-8f59f67 elementor-widget elementor-widget-text-editor\" data-id=\"8f59f67\" data-element_type=\"widget\" data-widget_type=\"text-editor.default\">\n\t\t\t\t<div class=\"elementor-widget-container\">\n\t\t\t\t\t\t\t<p><a href=\"https:\/\/jpa67.fr\/crejh\/wp-content\/uploads\/2024\/10\/recommandations-pour-l-accueil-des-mineurs-en-situation-de-handicap-en-accueils-collectifs-de-mineurs-acm-1072-1.pdf\">Recommandations ACM 2022<\/a><\/p>\t\t\t\t\t\t<\/div>\n\t\t\t\t<\/div>\n\t\t\t\t\t<\/div>\n\t\t<\/div>\n\t\t\t\t<div class=\"elementor-column elementor-col-16 elementor-top-column elementor-element elementor-element-c76fec4\" data-id=\"c76fec4\" data-element_type=\"column\">\n\t\t\t<div class=\"elementor-widget-wrap elementor-element-populated\">\n\t\t\t\t\t\t<div class=\"elementor-element elementor-element-21cac2d elementor-widget elementor-widget-image\" data-id=\"21cac2d\" data-element_type=\"widget\" data-widget_type=\"image.default\">\n\t\t\t\t<div class=\"elementor-widget-container\">\n\t\t\t\t\t\t\t\t\t\t\t\t\t<img decoding=\"async\" width=\"600\" height=\"600\" src=\"https:\/\/jpa67.fr\/crejh\/wp-content\/uploads\/2022\/08\/picto_handicaps_bleu.jpg\" class=\"attachment-large size-large wp-image-2547\" alt=\"pictos tous handicaps\" srcset=\"https:\/\/jpa67.fr\/crejh\/wp-content\/uploads\/2022\/08\/picto_handicaps_bleu.jpg 600w, https:\/\/jpa67.fr\/crejh\/wp-content\/uploads\/2022\/08\/picto_handicaps_bleu-300x300.jpg 300w, https:\/\/jpa67.fr\/crejh\/wp-content\/uploads\/2022\/08\/picto_handicaps_bleu-150x150.jpg 150w\" sizes=\"(max-width: 600px) 100vw, 600px\" \/>\t\t\t\t\t\t\t\t\t\t\t\t\t<\/div>\n\t\t\t\t<\/div>\n\t\t\t\t\t<\/div>\n\t\t<\/div>\n\t\t\t\t\t<\/div>\n\t\t<\/section>\n\t\t\t\t<section class=\"elementor-section elementor-top-section elementor-element elementor-element-fdf943d elementor-section-boxed elementor-section-height-default elementor-section-height-default\" data-id=\"fdf943d\" data-element_type=\"section\">\n\t\t\t\t\t\t<div class=\"elementor-container elementor-column-gap-default\">\n\t\t\t\t\t<div class=\"elementor-column elementor-col-16 elementor-top-column elementor-element elementor-element-910be03\" data-id=\"910be03\" data-element_type=\"column\">\n\t\t\t<div class=\"elementor-widget-wrap elementor-element-populated\">\n\t\t\t\t\t\t<div class=\"elementor-element elementor-element-20f6589 elementor-widget elementor-widget-image\" data-id=\"20f6589\" data-element_type=\"widget\" data-widget_type=\"image.default\">\n\t\t\t\t<div class=\"elementor-widget-container\">\n\t\t\t\t\t\t\t\t\t\t\t\t\t<img decoding=\"async\" width=\"724\" height=\"1024\" src=\"https:\/\/jpa67.fr\/crejh\/wp-content\/uploads\/2022\/08\/Guide-a-lusage-des-organisateurs-724x1024.jpg\" class=\"attachment-large size-large wp-image-2637\" alt=\"couverture Guide \u00e0 l\u2019usage des organisateurs\" srcset=\"https:\/\/jpa67.fr\/crejh\/wp-content\/uploads\/2022\/08\/Guide-a-lusage-des-organisateurs-724x1024.jpg 724w, https:\/\/jpa67.fr\/crejh\/wp-content\/uploads\/2022\/08\/Guide-a-lusage-des-organisateurs-212x300.jpg 212w, https:\/\/jpa67.fr\/crejh\/wp-content\/uploads\/2022\/08\/Guide-a-lusage-des-organisateurs-768x1086.jpg 768w, https:\/\/jpa67.fr\/crejh\/wp-content\/uploads\/2022\/08\/Guide-a-lusage-des-organisateurs-1086x1536.jpg 1086w, https:\/\/jpa67.fr\/crejh\/wp-content\/uploads\/2022\/08\/Guide-a-lusage-des-organisateurs-1448x2048.jpg 1448w, https:\/\/jpa67.fr\/crejh\/wp-content\/uploads\/2022\/08\/Guide-a-lusage-des-organisateurs.jpg 1654w\" sizes=\"(max-width: 724px) 100vw, 724px\" \/>\t\t\t\t\t\t\t\t\t\t\t\t\t<\/div>\n\t\t\t\t<\/div>\n\t\t\t\t\t<\/div>\n\t\t<\/div>\n\t\t\t\t<div class=\"elementor-column elementor-col-66 elementor-top-column elementor-element elementor-element-a45e4e2\" data-id=\"a45e4e2\" data-element_type=\"column\">\n\t\t\t<div class=\"elementor-widget-wrap elementor-element-populated\">\n\t\t\t\t\t\t<div class=\"elementor-element elementor-element-608a4dc elementor-widget elementor-widget-heading\" data-id=\"608a4dc\" data-element_type=\"widget\" data-widget_type=\"heading.default\">\n\t\t\t\t<div class=\"elementor-widget-container\">\n\t\t\t<h2 class=\"elementor-heading-title elementor-size-default\">Accueillir un enfant en situation de handicap, Guide \u00e0 l\u2019usage des organisateurs, des directeurs et des \u00e9quipes - Direction D\u00e9partementale de la Jeunesse et des Sports de la Vend\u00e9e<\/h2>\t\t<\/div>\n\t\t\t\t<\/div>\n\t\t\t\t<div class=\"elementor-element elementor-element-4d837b1 elementor-widget elementor-widget-text-editor\" data-id=\"4d837b1\" data-element_type=\"widget\" data-widget_type=\"text-editor.default\">\n\t\t\t\t<div class=\"elementor-widget-container\">\n\t\t\t\t\t\t\t<p><a href=\"http:\/\/www.vendee.gouv.fr\/IMG\/pdf\/charte_handi.pdf\">http:\/\/www.vendee.gouv.fr\/IMG\/pdf\/charte_handi.pdf<\/a><\/p>\t\t\t\t\t\t<\/div>\n\t\t\t\t<\/div>\n\t\t\t\t\t<\/div>\n\t\t<\/div>\n\t\t\t\t<div class=\"elementor-column elementor-col-16 elementor-top-column elementor-element elementor-element-db355fe\" data-id=\"db355fe\" data-element_type=\"column\">\n\t\t\t<div class=\"elementor-widget-wrap elementor-element-populated\">\n\t\t\t\t\t\t<div class=\"elementor-element elementor-element-5503c58 elementor-widget elementor-widget-image\" data-id=\"5503c58\" data-element_type=\"widget\" data-widget_type=\"image.default\">\n\t\t\t\t<div class=\"elementor-widget-container\">\n\t\t\t\t\t\t\t\t\t\t\t\t\t<img decoding=\"async\" width=\"600\" height=\"600\" src=\"https:\/\/jpa67.fr\/crejh\/wp-content\/uploads\/2022\/08\/picto_handicaps_bleu.jpg\" class=\"attachment-large size-large wp-image-2547\" alt=\"pictos tous handicaps\" srcset=\"https:\/\/jpa67.fr\/crejh\/wp-content\/uploads\/2022\/08\/picto_handicaps_bleu.jpg 600w, https:\/\/jpa67.fr\/crejh\/wp-content\/uploads\/2022\/08\/picto_handicaps_bleu-300x300.jpg 300w, https:\/\/jpa67.fr\/crejh\/wp-content\/uploads\/2022\/08\/picto_handicaps_bleu-150x150.jpg 150w\" sizes=\"(max-width: 600px) 100vw, 600px\" \/>\t\t\t\t\t\t\t\t\t\t\t\t\t<\/div>\n\t\t\t\t<\/div>\n\t\t\t\t\t<\/div>\n\t\t<\/div>\n\t\t\t\t\t<\/div>\n\t\t<\/section>\n\t\t\t\t<section class=\"elementor-section elementor-top-section elementor-element elementor-element-c1e458e elementor-section-boxed elementor-section-height-default elementor-section-height-default\" data-id=\"c1e458e\" data-element_type=\"section\">\n\t\t\t\t\t\t<div class=\"elementor-container elementor-column-gap-default\">\n\t\t\t\t\t<div class=\"elementor-column elementor-col-100 elementor-top-column elementor-element elementor-element-131df65\" data-id=\"131df65\" data-element_type=\"column\">\n\t\t\t<div class=\"elementor-widget-wrap elementor-element-populated\">\n\t\t\t\t\t\t<div class=\"elementor-element elementor-element-924ad88 elementor-widget-divider--view-line elementor-widget elementor-widget-divider\" data-id=\"924ad88\" data-element_type=\"widget\" data-widget_type=\"divider.default\">\n\t\t\t\t<div class=\"elementor-widget-container\">\n\t\t\t\t\t<div class=\"elementor-divider\">\n\t\t\t<span class=\"elementor-divider-separator\">\n\t\t\t\t\t\t<\/span>\n\t\t<\/div>\n\t\t\t\t<\/div>\n\t\t\t\t<\/div>\n\t\t\t\t\t<\/div>\n\t\t<\/div>\n\t\t\t\t\t<\/div>\n\t\t<\/section>\n\t\t\t\t<section class=\"elementor-section elementor-top-section elementor-element elementor-element-85f5659 elementor-section-boxed elementor-section-height-default elementor-section-height-default\" data-id=\"85f5659\" data-element_type=\"section\">\n\t\t\t\t\t\t<div class=\"elementor-container elementor-column-gap-default\">\n\t\t\t\t\t<div class=\"elementor-column elementor-col-16 elementor-top-column elementor-element elementor-element-f67ad17\" data-id=\"f67ad17\" data-element_type=\"column\">\n\t\t\t<div class=\"elementor-widget-wrap elementor-element-populated\">\n\t\t\t\t\t\t<div class=\"elementor-element elementor-element-a381bba elementor-widget elementor-widget-image\" data-id=\"a381bba\" data-element_type=\"widget\" data-widget_type=\"image.default\">\n\t\t\t\t<div class=\"elementor-widget-container\">\n\t\t\t\t\t\t\t\t\t\t\t\t\t<img loading=\"lazy\" decoding=\"async\" width=\"719\" height=\"1024\" src=\"https:\/\/jpa67.fr\/crejh\/wp-content\/uploads\/2022\/08\/Accueillir-une-personne-handicapee-en-centre-de-vacances-et-de-loisirs_Page_01-719x1024.jpg\" class=\"attachment-large size-large wp-image-2607\" alt=\"couverture Accueillir une personne handicap\u00e9e en centre de vacances et de loisirs_Page_01\" srcset=\"https:\/\/jpa67.fr\/crejh\/wp-content\/uploads\/2022\/08\/Accueillir-une-personne-handicapee-en-centre-de-vacances-et-de-loisirs_Page_01-719x1024.jpg 719w, https:\/\/jpa67.fr\/crejh\/wp-content\/uploads\/2022\/08\/Accueillir-une-personne-handicapee-en-centre-de-vacances-et-de-loisirs_Page_01-211x300.jpg 211w, https:\/\/jpa67.fr\/crejh\/wp-content\/uploads\/2022\/08\/Accueillir-une-personne-handicapee-en-centre-de-vacances-et-de-loisirs_Page_01-768x1094.jpg 768w, https:\/\/jpa67.fr\/crejh\/wp-content\/uploads\/2022\/08\/Accueillir-une-personne-handicapee-en-centre-de-vacances-et-de-loisirs_Page_01-1079x1536.jpg 1079w, https:\/\/jpa67.fr\/crejh\/wp-content\/uploads\/2022\/08\/Accueillir-une-personne-handicapee-en-centre-de-vacances-et-de-loisirs_Page_01.jpg 1240w\" sizes=\"(max-width: 719px) 100vw, 719px\" \/>\t\t\t\t\t\t\t\t\t\t\t\t\t<\/div>\n\t\t\t\t<\/div>\n\t\t\t\t\t<\/div>\n\t\t<\/div>\n\t\t\t\t<div class=\"elementor-column elementor-col-66 elementor-top-column elementor-element elementor-element-22697ee\" data-id=\"22697ee\" data-element_type=\"column\">\n\t\t\t<div class=\"elementor-widget-wrap elementor-element-populated\">\n\t\t\t\t\t\t<div class=\"elementor-element elementor-element-e0f6cec elementor-widget elementor-widget-heading\" data-id=\"e0f6cec\" data-element_type=\"widget\" data-widget_type=\"heading.default\">\n\t\t\t\t<div class=\"elementor-widget-container\">\n\t\t\t<h2 class=\"elementor-heading-title elementor-size-default\">Accueillir une personne handicap\u00e9e en centre de vacances et de loisirs | Guide m\u00e9thodologique \u00e0 l\u2019usage des \u00e9quipes d\u2019encadrement - JPA<\/h2>\t\t<\/div>\n\t\t\t\t<\/div>\n\t\t\t\t<div class=\"elementor-element elementor-element-11e22ba elementor-widget elementor-widget-text-editor\" data-id=\"11e22ba\" data-element_type=\"widget\" data-widget_type=\"text-editor.default\">\n\t\t\t\t<div class=\"elementor-widget-container\">\n\t\t\t\t\t\t\t<p><a href=\"http:\/\/www.saone-et-loire.gouv.fr\/IMG\/pdf\/HANDI_guidemeth.pdf\">http:\/\/www.saone-et-loire.gouv.fr\/IMG\/pdf\/HANDI_guidemeth.pdf<\/a><\/p>\t\t\t\t\t\t<\/div>\n\t\t\t\t<\/div>\n\t\t\t\t\t<\/div>\n\t\t<\/div>\n\t\t\t\t<div class=\"elementor-column elementor-col-16 elementor-top-column elementor-element elementor-element-26d513a\" data-id=\"26d513a\" data-element_type=\"column\">\n\t\t\t<div class=\"elementor-widget-wrap elementor-element-populated\">\n\t\t\t\t\t\t<div class=\"elementor-element elementor-element-f74f138 elementor-widget elementor-widget-image\" data-id=\"f74f138\" data-element_type=\"widget\" data-widget_type=\"image.default\">\n\t\t\t\t<div class=\"elementor-widget-container\">\n\t\t\t\t\t\t\t\t\t\t\t\t\t<img decoding=\"async\" width=\"600\" height=\"600\" src=\"https:\/\/jpa67.fr\/crejh\/wp-content\/uploads\/2022\/08\/picto_handicaps_bleu.jpg\" class=\"attachment-large size-large wp-image-2547\" alt=\"pictos tous handicaps\" srcset=\"https:\/\/jpa67.fr\/crejh\/wp-content\/uploads\/2022\/08\/picto_handicaps_bleu.jpg 600w, https:\/\/jpa67.fr\/crejh\/wp-content\/uploads\/2022\/08\/picto_handicaps_bleu-300x300.jpg 300w, https:\/\/jpa67.fr\/crejh\/wp-content\/uploads\/2022\/08\/picto_handicaps_bleu-150x150.jpg 150w\" sizes=\"(max-width: 600px) 100vw, 600px\" \/>\t\t\t\t\t\t\t\t\t\t\t\t\t<\/div>\n\t\t\t\t<\/div>\n\t\t\t\t\t<\/div>\n\t\t<\/div>\n\t\t\t\t\t<\/div>\n\t\t<\/section>\n\t\t\t\t<section class=\"elementor-section elementor-top-section elementor-element elementor-element-7b4645d elementor-section-boxed elementor-section-height-default elementor-section-height-default\" data-id=\"7b4645d\" data-element_type=\"section\">\n\t\t\t\t\t\t<div class=\"elementor-container elementor-column-gap-default\">\n\t\t\t\t\t<div class=\"elementor-column elementor-col-100 elementor-top-column elementor-element elementor-element-1e24a5a\" data-id=\"1e24a5a\" data-element_type=\"column\">\n\t\t\t<div class=\"elementor-widget-wrap elementor-element-populated\">\n\t\t\t\t\t\t<div class=\"elementor-element elementor-element-7f927e3 elementor-widget-divider--view-line elementor-widget elementor-widget-divider\" data-id=\"7f927e3\" data-element_type=\"widget\" data-widget_type=\"divider.default\">\n\t\t\t\t<div class=\"elementor-widget-container\">\n\t\t\t\t\t<div class=\"elementor-divider\">\n\t\t\t<span class=\"elementor-divider-separator\">\n\t\t\t\t\t\t<\/span>\n\t\t<\/div>\n\t\t\t\t<\/div>\n\t\t\t\t<\/div>\n\t\t\t\t\t<\/div>\n\t\t<\/div>\n\t\t\t\t\t<\/div>\n\t\t<\/section>\n\t\t\t\t<section class=\"elementor-section elementor-top-section elementor-element elementor-element-1accf96 elementor-section-boxed elementor-section-height-default elementor-section-height-default\" data-id=\"1accf96\" data-element_type=\"section\">\n\t\t\t\t\t\t<div class=\"elementor-container elementor-column-gap-default\">\n\t\t\t\t\t<div class=\"elementor-column elementor-col-16 elementor-top-column elementor-element elementor-element-2b5422d\" data-id=\"2b5422d\" data-element_type=\"column\">\n\t\t\t<div class=\"elementor-widget-wrap elementor-element-populated\">\n\t\t\t\t\t\t<div class=\"elementor-element elementor-element-b1595f0 elementor-widget elementor-widget-image\" data-id=\"b1595f0\" data-element_type=\"widget\" data-widget_type=\"image.default\">\n\t\t\t\t<div class=\"elementor-widget-container\">\n\t\t\t\t\t\t\t\t\t\t\t\t\t<img loading=\"lazy\" decoding=\"async\" width=\"795\" height=\"795\" src=\"https:\/\/jpa67.fr\/crejh\/wp-content\/uploads\/2022\/08\/changeonsDeRegard-Zep.png\" class=\"attachment-large size-large wp-image-3081\" alt=\"couverture changeons de regard\" srcset=\"https:\/\/jpa67.fr\/crejh\/wp-content\/uploads\/2022\/08\/changeonsDeRegard-Zep.png 795w, https:\/\/jpa67.fr\/crejh\/wp-content\/uploads\/2022\/08\/changeonsDeRegard-Zep-300x300.png 300w, https:\/\/jpa67.fr\/crejh\/wp-content\/uploads\/2022\/08\/changeonsDeRegard-Zep-150x150.png 150w, https:\/\/jpa67.fr\/crejh\/wp-content\/uploads\/2022\/08\/changeonsDeRegard-Zep-768x768.png 768w\" sizes=\"(max-width: 795px) 100vw, 795px\" \/>\t\t\t\t\t\t\t\t\t\t\t\t\t<\/div>\n\t\t\t\t<\/div>\n\t\t\t\t\t<\/div>\n\t\t<\/div>\n\t\t\t\t<div class=\"elementor-column elementor-col-66 elementor-top-column elementor-element elementor-element-c3d9c0b\" data-id=\"c3d9c0b\" data-element_type=\"column\">\n\t\t\t<div class=\"elementor-widget-wrap elementor-element-populated\">\n\t\t\t\t\t\t<div class=\"elementor-element elementor-element-50c4024 elementor-widget elementor-widget-heading\" data-id=\"50c4024\" data-element_type=\"widget\" data-widget_type=\"heading.default\">\n\t\t\t\t<div class=\"elementor-widget-container\">\n\t\t\t<h2 class=\"elementor-heading-title elementor-size-default\">Changeons de regard - \u00ab Faut p\u00f4 avoir peur \u00bb - ZEP - Handicap international<\/h2>\t\t<\/div>\n\t\t\t\t<\/div>\n\t\t\t\t<div class=\"elementor-element elementor-element-de7fc49 elementor-widget elementor-widget-text-editor\" data-id=\"de7fc49\" data-element_type=\"widget\" data-widget_type=\"text-editor.default\">\n\t\t\t\t<div class=\"elementor-widget-container\">\n\t\t\t\t\t\t\t<p>Zep, l\u2019auteur de Titeuf, pr\u00eate son personnage pour illustrer cette brochure sur le handicap \u00e0 l\u2019occasion du festival d\u2019Angoul\u00eame de 2003 qui f\u00eate alors ses 30 ans et ses 20 ans d\u2019action pour Handicap International.<br \/>Plusieurs pages de textes pour expliquer le handicap, le quotidien et les difficult\u00e9s des personnes qui en sont victimes.<br \/>Des explications claires, destin\u00e9es aux adolescents afin que ceux-ci portent un regard diff\u00e9rent sur le handicap.<\/p>\t\t\t\t\t\t<\/div>\n\t\t\t\t<\/div>\n\t\t\t\t\t<\/div>\n\t\t<\/div>\n\t\t\t\t<div class=\"elementor-column elementor-col-16 elementor-top-column elementor-element elementor-element-27ca3f5\" data-id=\"27ca3f5\" data-element_type=\"column\">\n\t\t\t<div class=\"elementor-widget-wrap elementor-element-populated\">\n\t\t\t\t\t\t<div class=\"elementor-element elementor-element-6b3c772 elementor-widget elementor-widget-image\" data-id=\"6b3c772\" data-element_type=\"widget\" data-widget_type=\"image.default\">\n\t\t\t\t<div class=\"elementor-widget-container\">\n\t\t\t\t\t\t\t\t\t\t\t\t\t<img decoding=\"async\" width=\"600\" height=\"600\" src=\"https:\/\/jpa67.fr\/crejh\/wp-content\/uploads\/2022\/08\/picto_handicaps_bleu.jpg\" class=\"attachment-large size-large wp-image-2547\" alt=\"pictos tous handicaps\" srcset=\"https:\/\/jpa67.fr\/crejh\/wp-content\/uploads\/2022\/08\/picto_handicaps_bleu.jpg 600w, https:\/\/jpa67.fr\/crejh\/wp-content\/uploads\/2022\/08\/picto_handicaps_bleu-300x300.jpg 300w, https:\/\/jpa67.fr\/crejh\/wp-content\/uploads\/2022\/08\/picto_handicaps_bleu-150x150.jpg 150w\" sizes=\"(max-width: 600px) 100vw, 600px\" \/>\t\t\t\t\t\t\t\t\t\t\t\t\t<\/div>\n\t\t\t\t<\/div>\n\t\t\t\t\t<\/div>\n\t\t<\/div>\n\t\t\t\t\t<\/div>\n\t\t<\/section>\n\t\t\t\t<section class=\"elementor-section elementor-top-section elementor-element elementor-element-7d34a7c elementor-section-boxed elementor-section-height-default elementor-section-height-default\" data-id=\"7d34a7c\" data-element_type=\"section\">\n\t\t\t\t\t\t<div class=\"elementor-container elementor-column-gap-default\">\n\t\t\t\t\t<div class=\"elementor-column elementor-col-100 elementor-top-column elementor-element elementor-element-12714ac\" data-id=\"12714ac\" data-element_type=\"column\">\n\t\t\t<div class=\"elementor-widget-wrap elementor-element-populated\">\n\t\t\t\t\t\t<div class=\"elementor-element elementor-element-a5f53f9 elementor-widget-divider--view-line elementor-widget elementor-widget-divider\" data-id=\"a5f53f9\" data-element_type=\"widget\" data-widget_type=\"divider.default\">\n\t\t\t\t<div class=\"elementor-widget-container\">\n\t\t\t\t\t<div class=\"elementor-divider\">\n\t\t\t<span class=\"elementor-divider-separator\">\n\t\t\t\t\t\t<\/span>\n\t\t<\/div>\n\t\t\t\t<\/div>\n\t\t\t\t<\/div>\n\t\t\t\t\t<\/div>\n\t\t<\/div>\n\t\t\t\t\t<\/div>\n\t\t<\/section>\n\t\t\t\t<section class=\"elementor-section elementor-top-section elementor-element elementor-element-081581f elementor-section-boxed elementor-section-height-default elementor-section-height-default\" data-id=\"081581f\" data-element_type=\"section\">\n\t\t\t\t\t\t<div class=\"elementor-container elementor-column-gap-default\">\n\t\t\t\t\t<div class=\"elementor-column elementor-col-16 elementor-top-column elementor-element elementor-element-730f3fc\" data-id=\"730f3fc\" data-element_type=\"column\">\n\t\t\t<div class=\"elementor-widget-wrap elementor-element-populated\">\n\t\t\t\t\t\t<div class=\"elementor-element elementor-element-c23e757 elementor-widget elementor-widget-image\" data-id=\"c23e757\" data-element_type=\"widget\" data-widget_type=\"image.default\">\n\t\t\t\t<div class=\"elementor-widget-container\">\n\t\t\t\t\t\t\t\t\t\t\t\t\t<img loading=\"lazy\" decoding=\"async\" width=\"150\" height=\"220\" src=\"https:\/\/jpa67.fr\/crejh\/wp-content\/uploads\/2022\/08\/Dossier-accueillir-la-difference.jpg\" class=\"attachment-large size-large wp-image-2633\" alt=\"couverture Dossier \u00abaccueillir la diff\u00e9rence\u00bb\" \/>\t\t\t\t\t\t\t\t\t\t\t\t\t<\/div>\n\t\t\t\t<\/div>\n\t\t\t\t\t<\/div>\n\t\t<\/div>\n\t\t\t\t<div class=\"elementor-column elementor-col-66 elementor-top-column elementor-element elementor-element-c619f0e\" data-id=\"c619f0e\" data-element_type=\"column\">\n\t\t\t<div class=\"elementor-widget-wrap elementor-element-populated\">\n\t\t\t\t\t\t<div class=\"elementor-element elementor-element-0e56021 elementor-widget elementor-widget-heading\" data-id=\"0e56021\" data-element_type=\"widget\" data-widget_type=\"heading.default\">\n\t\t\t\t<div class=\"elementor-widget-container\">\n\t\t\t<h2 class=\"elementor-heading-title elementor-size-default\">Dossier \u00ab accueillir la diff\u00e9rence \u00bb - Les cahiers de l\u2019animation Vacances et loisirs (actualis\u00e9) + Dossier compl\u00e9mentaire Accueillir la Diff\u00e9rence - C\u00c9M\u00c9A (2005)<\/h2>\t\t<\/div>\n\t\t\t\t<\/div>\n\t\t\t\t<div class=\"elementor-element elementor-element-f771467 elementor-widget elementor-widget-text-editor\" data-id=\"f771467\" data-element_type=\"widget\" data-widget_type=\"text-editor.default\">\n\t\t\t\t<div class=\"elementor-widget-container\">\n\t\t\t\t\t\t\t<p>Le n\u00b014 des Cahiers de l\u2019animation porte sur le th\u00e8me de l\u2019accueil des enfants ou adolescents en situation de handicap dans les structures de loisirs et de vacances. Il apporte un certain nombre de t\u00e9moignages, ainsi que des r\u00e9flexions sur l\u2019inclusion, l\u2019int\u00e9gration sociale, etc. Certains articles apportent des exemples d\u2019accueil, \u00e9voquent la question de la pr\u00e9paration de l\u2019accueil, la formation du personnel, etc. Le dossier propose aussi le texte de la Charte de d\u00e9ontologie de l\u2019accueil des personnes handicap\u00e9es en structures de vacances non sp\u00e9cialis\u00e9es et fait r\u00e9f\u00e9rence \u00e0 la loi du 11 f\u00e9vrier 2005.<\/p>\t\t\t\t\t\t<\/div>\n\t\t\t\t<\/div>\n\t\t\t\t\t<\/div>\n\t\t<\/div>\n\t\t\t\t<div class=\"elementor-column elementor-col-16 elementor-top-column elementor-element elementor-element-e26b343\" data-id=\"e26b343\" data-element_type=\"column\">\n\t\t\t<div class=\"elementor-widget-wrap elementor-element-populated\">\n\t\t\t\t\t\t<div class=\"elementor-element elementor-element-a9d8bd7 elementor-widget elementor-widget-image\" data-id=\"a9d8bd7\" data-element_type=\"widget\" data-widget_type=\"image.default\">\n\t\t\t\t<div class=\"elementor-widget-container\">\n\t\t\t\t\t\t\t\t\t\t\t\t\t<img decoding=\"async\" width=\"600\" height=\"600\" src=\"https:\/\/jpa67.fr\/crejh\/wp-content\/uploads\/2022\/08\/picto_handicaps_bleu.jpg\" class=\"attachment-large size-large wp-image-2547\" alt=\"pictos tous handicaps\" srcset=\"https:\/\/jpa67.fr\/crejh\/wp-content\/uploads\/2022\/08\/picto_handicaps_bleu.jpg 600w, https:\/\/jpa67.fr\/crejh\/wp-content\/uploads\/2022\/08\/picto_handicaps_bleu-300x300.jpg 300w, https:\/\/jpa67.fr\/crejh\/wp-content\/uploads\/2022\/08\/picto_handicaps_bleu-150x150.jpg 150w\" sizes=\"(max-width: 600px) 100vw, 600px\" \/>\t\t\t\t\t\t\t\t\t\t\t\t\t<\/div>\n\t\t\t\t<\/div>\n\t\t\t\t\t<\/div>\n\t\t<\/div>\n\t\t\t\t\t<\/div>\n\t\t<\/section>\n\t\t\t\t<section class=\"elementor-section elementor-top-section elementor-element elementor-element-48d0ed0 elementor-section-boxed elementor-section-height-default elementor-section-height-default\" data-id=\"48d0ed0\" data-element_type=\"section\">\n\t\t\t\t\t\t<div class=\"elementor-container elementor-column-gap-default\">\n\t\t\t\t\t<div class=\"elementor-column elementor-col-100 elementor-top-column elementor-element elementor-element-2d117b0\" data-id=\"2d117b0\" data-element_type=\"column\">\n\t\t\t<div class=\"elementor-widget-wrap elementor-element-populated\">\n\t\t\t\t\t\t<div class=\"elementor-element elementor-element-885ff9d elementor-widget-divider--view-line elementor-widget elementor-widget-divider\" data-id=\"885ff9d\" data-element_type=\"widget\" data-widget_type=\"divider.default\">\n\t\t\t\t<div class=\"elementor-widget-container\">\n\t\t\t\t\t<div class=\"elementor-divider\">\n\t\t\t<span class=\"elementor-divider-separator\">\n\t\t\t\t\t\t<\/span>\n\t\t<\/div>\n\t\t\t\t<\/div>\n\t\t\t\t<\/div>\n\t\t\t\t\t<\/div>\n\t\t<\/div>\n\t\t\t\t\t<\/div>\n\t\t<\/section>\n\t\t\t\t<section class=\"elementor-section elementor-top-section elementor-element elementor-element-6cd5f45 elementor-section-boxed elementor-section-height-default elementor-section-height-default\" data-id=\"6cd5f45\" data-element_type=\"section\">\n\t\t\t\t\t\t<div class=\"elementor-container elementor-column-gap-default\">\n\t\t\t\t\t<div class=\"elementor-column elementor-col-16 elementor-top-column elementor-element elementor-element-d4175aa\" data-id=\"d4175aa\" data-element_type=\"column\">\n\t\t\t<div class=\"elementor-widget-wrap elementor-element-populated\">\n\t\t\t\t\t\t<div class=\"elementor-element elementor-element-0003377 elementor-widget elementor-widget-image\" data-id=\"0003377\" data-element_type=\"widget\" data-widget_type=\"image.default\">\n\t\t\t\t<div class=\"elementor-widget-container\">\n\t\t\t\t\t\t\t\t\t\t\t\t\t<img loading=\"lazy\" decoding=\"async\" width=\"159\" height=\"316\" src=\"https:\/\/jpa67.fr\/crejh\/wp-content\/uploads\/2022\/08\/Guide-pour-les-enseignants-qui-accueillent-un-eleve-presentant-une-deficience-visuelle.jpg\" class=\"attachment-large size-large wp-image-2638\" alt=\"couverture Guide pour les enseignants qui accueillent un \u00e9l\u00e8ve pr\u00e9sentant une d\u00e9ficience visuelle\" srcset=\"https:\/\/jpa67.fr\/crejh\/wp-content\/uploads\/2022\/08\/Guide-pour-les-enseignants-qui-accueillent-un-eleve-presentant-une-deficience-visuelle.jpg 159w, https:\/\/jpa67.fr\/crejh\/wp-content\/uploads\/2022\/08\/Guide-pour-les-enseignants-qui-accueillent-un-eleve-presentant-une-deficience-visuelle-151x300.jpg 151w\" sizes=\"(max-width: 159px) 100vw, 159px\" \/>\t\t\t\t\t\t\t\t\t\t\t\t\t<\/div>\n\t\t\t\t<\/div>\n\t\t\t\t\t<\/div>\n\t\t<\/div>\n\t\t\t\t<div class=\"elementor-column elementor-col-66 elementor-top-column elementor-element elementor-element-071b23a\" data-id=\"071b23a\" data-element_type=\"column\">\n\t\t\t<div class=\"elementor-widget-wrap elementor-element-populated\">\n\t\t\t\t\t\t<div class=\"elementor-element elementor-element-0df1841 elementor-widget elementor-widget-heading\" data-id=\"0df1841\" data-element_type=\"widget\" data-widget_type=\"heading.default\">\n\t\t\t\t<div class=\"elementor-widget-container\">\n\t\t\t<h2 class=\"elementor-heading-title elementor-size-default\">Guide pour les enseignants qui accueillent un \u00e9l\u00e8ve pr\u00e9sentant une d\u00e9ficience visuelle - HANDISCOL\u2019<\/h2>\t\t<\/div>\n\t\t\t\t<\/div>\n\t\t\t\t<div class=\"elementor-element elementor-element-0a0f140 elementor-widget elementor-widget-text-editor\" data-id=\"0a0f140\" data-element_type=\"widget\" data-widget_type=\"text-editor.default\">\n\t\t\t\t<div class=\"elementor-widget-container\">\n\t\t\t\t\t\t\t<p><a href=\"http:\/\/media.eduscol.education.fr\/file\/ASH\/35\/7\/guide_eleves_deficients_visuels_116357.pdf\" target=\"_blank\" rel=\"noopener\">http:\/\/media.eduscol.education.fr\/file\/ASH\/35\/7\/guide_eleves_deficients_visuels_116357.pdf<\/a><\/p>\t\t\t\t\t\t<\/div>\n\t\t\t\t<\/div>\n\t\t\t\t\t<\/div>\n\t\t<\/div>\n\t\t\t\t<div class=\"elementor-column elementor-col-16 elementor-top-column elementor-element elementor-element-4c902e9\" data-id=\"4c902e9\" data-element_type=\"column\">\n\t\t\t<div class=\"elementor-widget-wrap elementor-element-populated\">\n\t\t\t\t\t\t<div class=\"elementor-element elementor-element-e060a54 elementor-widget elementor-widget-image\" data-id=\"e060a54\" data-element_type=\"widget\" data-widget_type=\"image.default\">\n\t\t\t\t<div class=\"elementor-widget-container\">\n\t\t\t\t\t\t\t\t\t\t\t\t\t<img loading=\"lazy\" decoding=\"async\" width=\"600\" height=\"600\" src=\"https:\/\/jpa67.fr\/crejh\/wp-content\/uploads\/2022\/08\/picto_handicapVisuel_bleu.jpg\" class=\"attachment-large size-large wp-image-2543\" alt=\"picto handicap visuel\" srcset=\"https:\/\/jpa67.fr\/crejh\/wp-content\/uploads\/2022\/08\/picto_handicapVisuel_bleu.jpg 600w, https:\/\/jpa67.fr\/crejh\/wp-content\/uploads\/2022\/08\/picto_handicapVisuel_bleu-300x300.jpg 300w, https:\/\/jpa67.fr\/crejh\/wp-content\/uploads\/2022\/08\/picto_handicapVisuel_bleu-150x150.jpg 150w\" sizes=\"(max-width: 600px) 100vw, 600px\" \/>\t\t\t\t\t\t\t\t\t\t\t\t\t<\/div>\n\t\t\t\t<\/div>\n\t\t\t\t\t<\/div>\n\t\t<\/div>\n\t\t\t\t\t<\/div>\n\t\t<\/section>\n\t\t\t\t<section class=\"elementor-section elementor-top-section elementor-element elementor-element-ed9cfbf elementor-section-boxed elementor-section-height-default elementor-section-height-default\" data-id=\"ed9cfbf\" data-element_type=\"section\">\n\t\t\t\t\t\t<div class=\"elementor-container elementor-column-gap-default\">\n\t\t\t\t\t<div class=\"elementor-column elementor-col-100 elementor-top-column elementor-element elementor-element-1c98f8f\" data-id=\"1c98f8f\" data-element_type=\"column\">\n\t\t\t<div class=\"elementor-widget-wrap elementor-element-populated\">\n\t\t\t\t\t\t<div class=\"elementor-element elementor-element-36365b8 elementor-widget-divider--view-line elementor-widget elementor-widget-divider\" data-id=\"36365b8\" data-element_type=\"widget\" data-widget_type=\"divider.default\">\n\t\t\t\t<div class=\"elementor-widget-container\">\n\t\t\t\t\t<div class=\"elementor-divider\">\n\t\t\t<span class=\"elementor-divider-separator\">\n\t\t\t\t\t\t<\/span>\n\t\t<\/div>\n\t\t\t\t<\/div>\n\t\t\t\t<\/div>\n\t\t\t\t\t<\/div>\n\t\t<\/div>\n\t\t\t\t\t<\/div>\n\t\t<\/section>\n\t\t\t\t<section class=\"elementor-section elementor-top-section elementor-element elementor-element-fe921d7 elementor-section-boxed elementor-section-height-default elementor-section-height-default\" data-id=\"fe921d7\" data-element_type=\"section\">\n\t\t\t\t\t\t<div class=\"elementor-container elementor-column-gap-default\">\n\t\t\t\t\t<div class=\"elementor-column elementor-col-16 elementor-top-column elementor-element elementor-element-e04be97\" data-id=\"e04be97\" data-element_type=\"column\">\n\t\t\t<div class=\"elementor-widget-wrap elementor-element-populated\">\n\t\t\t\t\t\t<div class=\"elementor-element elementor-element-1883d00 elementor-widget elementor-widget-image\" data-id=\"1883d00\" data-element_type=\"widget\" data-widget_type=\"image.default\">\n\t\t\t\t<div class=\"elementor-widget-container\">\n\t\t\t\t\t\t\t\t\t\t\t\t\t<img loading=\"lazy\" decoding=\"async\" width=\"676\" height=\"1024\" src=\"https:\/\/jpa67.fr\/crejh\/wp-content\/uploads\/2022\/08\/la-surdite-de-l-enfant_Page_01-676x1024.jpg\" class=\"attachment-large size-large wp-image-2652\" alt=\"couverture la surdit\u00e9 de l&#039;enfant\" srcset=\"https:\/\/jpa67.fr\/crejh\/wp-content\/uploads\/2022\/08\/la-surdite-de-l-enfant_Page_01-676x1024.jpg 676w, https:\/\/jpa67.fr\/crejh\/wp-content\/uploads\/2022\/08\/la-surdite-de-l-enfant_Page_01-198x300.jpg 198w, https:\/\/jpa67.fr\/crejh\/wp-content\/uploads\/2022\/08\/la-surdite-de-l-enfant_Page_01-768x1164.jpg 768w, https:\/\/jpa67.fr\/crejh\/wp-content\/uploads\/2022\/08\/la-surdite-de-l-enfant_Page_01-1013x1536.jpg 1013w, https:\/\/jpa67.fr\/crejh\/wp-content\/uploads\/2022\/08\/la-surdite-de-l-enfant_Page_01-1351x2048.jpg 1351w, https:\/\/jpa67.fr\/crejh\/wp-content\/uploads\/2022\/08\/la-surdite-de-l-enfant_Page_01-scaled.jpg 1689w\" sizes=\"(max-width: 676px) 100vw, 676px\" \/>\t\t\t\t\t\t\t\t\t\t\t\t\t<\/div>\n\t\t\t\t<\/div>\n\t\t\t\t\t<\/div>\n\t\t<\/div>\n\t\t\t\t<div class=\"elementor-column elementor-col-66 elementor-top-column elementor-element elementor-element-0ab1a5e\" data-id=\"0ab1a5e\" data-element_type=\"column\">\n\t\t\t<div class=\"elementor-widget-wrap elementor-element-populated\">\n\t\t\t\t\t\t<div class=\"elementor-element elementor-element-9b647f1 elementor-widget elementor-widget-heading\" data-id=\"9b647f1\" data-element_type=\"widget\" data-widget_type=\"heading.default\">\n\t\t\t\t<div class=\"elementor-widget-container\">\n\t\t\t<h2 class=\"elementor-heading-title elementor-size-default\">La surdit\u00e9 de l\u2019enfant | Guide pratique des parents - Fondation de France, Inp\u00e8s<\/h2>\t\t<\/div>\n\t\t\t\t<\/div>\n\t\t\t\t<div class=\"elementor-element elementor-element-bcd9305 elementor-widget elementor-widget-text-editor\" data-id=\"bcd9305\" data-element_type=\"widget\" data-widget_type=\"text-editor.default\">\n\t\t\t\t<div class=\"elementor-widget-container\">\n\t\t\t\t\t\t\t<p><a href=\"http:\/\/www.inpes.sante.fr\/CFESBases\/catalogue\/pdf\/884.pdf\" target=\"_blank\" rel=\"noopener\">http:\/\/www.inpes.sante.fr\/CFESBases\/catalogue\/pdf\/884.pdf<\/a><\/p>\t\t\t\t\t\t<\/div>\n\t\t\t\t<\/div>\n\t\t\t\t\t<\/div>\n\t\t<\/div>\n\t\t\t\t<div class=\"elementor-column elementor-col-16 elementor-top-column elementor-element elementor-element-9bb7b57\" data-id=\"9bb7b57\" data-element_type=\"column\">\n\t\t\t<div class=\"elementor-widget-wrap elementor-element-populated\">\n\t\t\t\t\t\t<div class=\"elementor-element elementor-element-8cc9875 elementor-widget elementor-widget-image\" data-id=\"8cc9875\" data-element_type=\"widget\" data-widget_type=\"image.default\">\n\t\t\t\t<div class=\"elementor-widget-container\">\n\t\t\t\t\t\t\t\t\t\t\t\t\t<img loading=\"lazy\" decoding=\"async\" width=\"600\" height=\"600\" src=\"https:\/\/jpa67.fr\/crejh\/wp-content\/uploads\/2022\/08\/picto_handicap_bleu.jpg\" class=\"attachment-large size-large wp-image-2544\" alt=\"picto handicap auditif\" srcset=\"https:\/\/jpa67.fr\/crejh\/wp-content\/uploads\/2022\/08\/picto_handicap_bleu.jpg 600w, https:\/\/jpa67.fr\/crejh\/wp-content\/uploads\/2022\/08\/picto_handicap_bleu-300x300.jpg 300w, https:\/\/jpa67.fr\/crejh\/wp-content\/uploads\/2022\/08\/picto_handicap_bleu-150x150.jpg 150w\" sizes=\"(max-width: 600px) 100vw, 600px\" \/>\t\t\t\t\t\t\t\t\t\t\t\t\t<\/div>\n\t\t\t\t<\/div>\n\t\t\t\t\t<\/div>\n\t\t<\/div>\n\t\t\t\t\t<\/div>\n\t\t<\/section>\n\t\t\t\t<section class=\"elementor-section elementor-top-section elementor-element elementor-element-50fb67a elementor-section-boxed elementor-section-height-default elementor-section-height-default\" data-id=\"50fb67a\" data-element_type=\"section\">\n\t\t\t\t\t\t<div class=\"elementor-container elementor-column-gap-default\">\n\t\t\t\t\t<div class=\"elementor-column elementor-col-100 elementor-top-column elementor-element elementor-element-10a1780\" data-id=\"10a1780\" data-element_type=\"column\">\n\t\t\t<div class=\"elementor-widget-wrap elementor-element-populated\">\n\t\t\t\t\t\t<div class=\"elementor-element elementor-element-d886213 elementor-widget-divider--view-line elementor-widget elementor-widget-divider\" data-id=\"d886213\" data-element_type=\"widget\" data-widget_type=\"divider.default\">\n\t\t\t\t<div class=\"elementor-widget-container\">\n\t\t\t\t\t<div class=\"elementor-divider\">\n\t\t\t<span class=\"elementor-divider-separator\">\n\t\t\t\t\t\t<\/span>\n\t\t<\/div>\n\t\t\t\t<\/div>\n\t\t\t\t<\/div>\n\t\t\t\t\t<\/div>\n\t\t<\/div>\n\t\t\t\t\t<\/div>\n\t\t<\/section>\n\t\t\t\t<section class=\"elementor-section elementor-top-section elementor-element elementor-element-0704ef4 elementor-section-boxed elementor-section-height-default elementor-section-height-default\" data-id=\"0704ef4\" data-element_type=\"section\">\n\t\t\t\t\t\t<div class=\"elementor-container elementor-column-gap-default\">\n\t\t\t\t\t<div class=\"elementor-column elementor-col-16 elementor-top-column elementor-element elementor-element-c3fe560\" data-id=\"c3fe560\" data-element_type=\"column\">\n\t\t\t<div class=\"elementor-widget-wrap elementor-element-populated\">\n\t\t\t\t\t\t<div class=\"elementor-element elementor-element-c6a9920 elementor-widget elementor-widget-image\" data-id=\"c6a9920\" data-element_type=\"widget\" data-widget_type=\"image.default\">\n\t\t\t\t<div class=\"elementor-widget-container\">\n\t\t\t\t\t\t\t\t\t\t\t\t\t<img loading=\"lazy\" decoding=\"async\" width=\"737\" height=\"1024\" src=\"https:\/\/jpa67.fr\/crejh\/wp-content\/uploads\/2022\/08\/bafa_bafd_recommandations_handicapes_cvl_Page_01-737x1024.jpg\" class=\"attachment-large size-large wp-image-2626\" alt=\"couverture guide m\u00e9thodologique \u00e0 l&#039;usage des formateurs\" srcset=\"https:\/\/jpa67.fr\/crejh\/wp-content\/uploads\/2022\/08\/bafa_bafd_recommandations_handicapes_cvl_Page_01-737x1024.jpg 737w, https:\/\/jpa67.fr\/crejh\/wp-content\/uploads\/2022\/08\/bafa_bafd_recommandations_handicapes_cvl_Page_01-216x300.jpg 216w, https:\/\/jpa67.fr\/crejh\/wp-content\/uploads\/2022\/08\/bafa_bafd_recommandations_handicapes_cvl_Page_01-768x1068.jpg 768w, https:\/\/jpa67.fr\/crejh\/wp-content\/uploads\/2022\/08\/bafa_bafd_recommandations_handicapes_cvl_Page_01.jpg 892w\" sizes=\"(max-width: 737px) 100vw, 737px\" \/>\t\t\t\t\t\t\t\t\t\t\t\t\t<\/div>\n\t\t\t\t<\/div>\n\t\t\t\t\t<\/div>\n\t\t<\/div>\n\t\t\t\t<div class=\"elementor-column elementor-col-66 elementor-top-column elementor-element elementor-element-e7f525c\" data-id=\"e7f525c\" data-element_type=\"column\">\n\t\t\t<div class=\"elementor-widget-wrap elementor-element-populated\">\n\t\t\t\t\t\t<div class=\"elementor-element elementor-element-351f3c2 elementor-widget elementor-widget-heading\" data-id=\"351f3c2\" data-element_type=\"widget\" data-widget_type=\"heading.default\">\n\t\t\t\t<div class=\"elementor-widget-container\">\n\t\t\t<h2 class=\"elementor-heading-title elementor-size-default\">Sensibilisation \u00e0 l\u2019accueil des enfants et des jeunes mineurs handicap\u00e9s - Minist\u00e8re Jeunesse \u00e9ducation recherche<\/h2>\t\t<\/div>\n\t\t\t\t<\/div>\n\t\t\t\t<div class=\"elementor-element elementor-element-ff7e4a5 elementor-widget elementor-widget-text-editor\" data-id=\"ff7e4a5\" data-element_type=\"widget\" data-widget_type=\"text-editor.default\">\n\t\t\t\t<div class=\"elementor-widget-container\">\n\t\t\t\t\t\t\t<p>Dans le cadre des formations au BAFA et au BAFD<br \/><a href=\"http:\/\/www.jeunes.gouv.fr\/IMG\/pdf\/bafa_bafd_recommandations_handicapes_cvl.pdf\" target=\"_blank\" rel=\"noopener\">http:\/\/www.jeunes.gouv.fr\/IMG\/pdf\/bafa_bafd_recommandations_handicapes_cvl.pdf<\/a><\/p>\t\t\t\t\t\t<\/div>\n\t\t\t\t<\/div>\n\t\t\t\t\t<\/div>\n\t\t<\/div>\n\t\t\t\t<div class=\"elementor-column elementor-col-16 elementor-top-column elementor-element elementor-element-96ad24b\" data-id=\"96ad24b\" data-element_type=\"column\">\n\t\t\t<div class=\"elementor-widget-wrap elementor-element-populated\">\n\t\t\t\t\t\t<div class=\"elementor-element elementor-element-37bc387 elementor-widget elementor-widget-image\" data-id=\"37bc387\" data-element_type=\"widget\" data-widget_type=\"image.default\">\n\t\t\t\t<div class=\"elementor-widget-container\">\n\t\t\t\t\t\t\t\t\t\t\t\t\t<img decoding=\"async\" width=\"600\" height=\"600\" src=\"https:\/\/jpa67.fr\/crejh\/wp-content\/uploads\/2022\/08\/picto_handicaps_bleu.jpg\" class=\"attachment-large size-large wp-image-2547\" alt=\"pictos tous handicaps\" srcset=\"https:\/\/jpa67.fr\/crejh\/wp-content\/uploads\/2022\/08\/picto_handicaps_bleu.jpg 600w, https:\/\/jpa67.fr\/crejh\/wp-content\/uploads\/2022\/08\/picto_handicaps_bleu-300x300.jpg 300w, https:\/\/jpa67.fr\/crejh\/wp-content\/uploads\/2022\/08\/picto_handicaps_bleu-150x150.jpg 150w\" sizes=\"(max-width: 600px) 100vw, 600px\" \/>\t\t\t\t\t\t\t\t\t\t\t\t\t<\/div>\n\t\t\t\t<\/div>\n\t\t\t\t\t<\/div>\n\t\t<\/div>\n\t\t\t\t\t<\/div>\n\t\t<\/section>\n\t\t\t\t<section class=\"elementor-section elementor-top-section elementor-element elementor-element-ef94fce elementor-section-boxed elementor-section-height-default elementor-section-height-default\" data-id=\"ef94fce\" data-element_type=\"section\">\n\t\t\t\t\t\t<div class=\"elementor-container elementor-column-gap-default\">\n\t\t\t\t\t<div class=\"elementor-column elementor-col-100 elementor-top-column elementor-element elementor-element-4cb299f\" data-id=\"4cb299f\" data-element_type=\"column\">\n\t\t\t<div class=\"elementor-widget-wrap elementor-element-populated\">\n\t\t\t\t\t\t<div class=\"elementor-element elementor-element-6f507b9 elementor-widget-divider--view-line elementor-widget elementor-widget-divider\" data-id=\"6f507b9\" data-element_type=\"widget\" data-widget_type=\"divider.default\">\n\t\t\t\t<div class=\"elementor-widget-container\">\n\t\t\t\t\t<div class=\"elementor-divider\">\n\t\t\t<span class=\"elementor-divider-separator\">\n\t\t\t\t\t\t<\/span>\n\t\t<\/div>\n\t\t\t\t<\/div>\n\t\t\t\t<\/div>\n\t\t\t\t\t<\/div>\n\t\t<\/div>\n\t\t\t\t\t<\/div>\n\t\t<\/section>\n\t\t\t\t<section class=\"elementor-section elementor-top-section elementor-element elementor-element-ca92fdb elementor-section-boxed elementor-section-height-default elementor-section-height-default\" data-id=\"ca92fdb\" data-element_type=\"section\">\n\t\t\t\t\t\t<div class=\"elementor-container elementor-column-gap-default\">\n\t\t\t\t\t<div class=\"elementor-column elementor-col-16 elementor-top-column elementor-element elementor-element-56e7857\" data-id=\"56e7857\" data-element_type=\"column\">\n\t\t\t<div class=\"elementor-widget-wrap elementor-element-populated\">\n\t\t\t\t\t\t<div class=\"elementor-element elementor-element-d89e7e8 elementor-widget elementor-widget-image\" data-id=\"d89e7e8\" data-element_type=\"widget\" data-widget_type=\"image.default\">\n\t\t\t\t<div class=\"elementor-widget-container\">\n\t\t\t\t\t\t\t\t\t\t\t\t\t<img loading=\"lazy\" decoding=\"async\" width=\"190\" height=\"266\" src=\"https:\/\/jpa67.fr\/crejh\/wp-content\/uploads\/2022\/08\/Sensibilisation-a-laccueil-des-enfants-et-des-jeunes-mineurs-handicapees.jpg\" class=\"attachment-large size-large wp-image-2599\" alt=\"couverture guide Sensibilisation \u00e0 l\u2019accueil des enfants et des jeunes mineurs handicap\u00e9es\" \/>\t\t\t\t\t\t\t\t\t\t\t\t\t<\/div>\n\t\t\t\t<\/div>\n\t\t\t\t\t<\/div>\n\t\t<\/div>\n\t\t\t\t<div class=\"elementor-column elementor-col-66 elementor-top-column elementor-element elementor-element-a711aa5\" data-id=\"a711aa5\" data-element_type=\"column\">\n\t\t\t<div class=\"elementor-widget-wrap elementor-element-populated\">\n\t\t\t\t\t\t<div class=\"elementor-element elementor-element-83150df elementor-widget elementor-widget-heading\" data-id=\"83150df\" data-element_type=\"widget\" data-widget_type=\"heading.default\">\n\t\t\t\t<div class=\"elementor-widget-container\">\n\t\t\t<h2 class=\"elementor-heading-title elementor-size-default\">Sensibilisation \u00e0 l\u2019accueil des enfants et des jeunes mineurs handicap\u00e9s - Minist\u00e8re de l\u2019Emploi et de la Solidarit\u00e9, Minist\u00e8re de la Jeunesse et des Sports<\/h2>\t\t<\/div>\n\t\t\t\t<\/div>\n\t\t\t\t<div class=\"elementor-element elementor-element-f61ebb4 elementor-widget elementor-widget-text-editor\" data-id=\"f61ebb4\" data-element_type=\"widget\" data-widget_type=\"text-editor.default\">\n\t\t\t\t<div class=\"elementor-widget-container\">\n\t\t\t\t\t\t\t<p>Dans le cadre des formations au BAFA et au BAFD<br \/><a href=\"https:\/\/ressources-cemea-pdll.org\/IMG\/pdf\/guidehand.pdf\" target=\"_blank\" rel=\"noopener\">https:\/\/ressources-cemea-pdll.org\/IMG\/pdf\/guidehand.pdf<\/a><\/p>\t\t\t\t\t\t<\/div>\n\t\t\t\t<\/div>\n\t\t\t\t\t<\/div>\n\t\t<\/div>\n\t\t\t\t<div class=\"elementor-column elementor-col-16 elementor-top-column elementor-element elementor-element-1742cb6\" data-id=\"1742cb6\" data-element_type=\"column\">\n\t\t\t<div class=\"elementor-widget-wrap elementor-element-populated\">\n\t\t\t\t\t\t<div class=\"elementor-element elementor-element-195eac5 elementor-widget elementor-widget-image\" data-id=\"195eac5\" data-element_type=\"widget\" data-widget_type=\"image.default\">\n\t\t\t\t<div class=\"elementor-widget-container\">\n\t\t\t\t\t\t\t\t\t\t\t\t\t<img decoding=\"async\" width=\"600\" height=\"600\" src=\"https:\/\/jpa67.fr\/crejh\/wp-content\/uploads\/2022\/08\/picto_handicaps_bleu.jpg\" class=\"attachment-large size-large wp-image-2547\" alt=\"pictos tous handicaps\" srcset=\"https:\/\/jpa67.fr\/crejh\/wp-content\/uploads\/2022\/08\/picto_handicaps_bleu.jpg 600w, https:\/\/jpa67.fr\/crejh\/wp-content\/uploads\/2022\/08\/picto_handicaps_bleu-300x300.jpg 300w, https:\/\/jpa67.fr\/crejh\/wp-content\/uploads\/2022\/08\/picto_handicaps_bleu-150x150.jpg 150w\" sizes=\"(max-width: 600px) 100vw, 600px\" \/>\t\t\t\t\t\t\t\t\t\t\t\t\t<\/div>\n\t\t\t\t<\/div>\n\t\t\t\t\t<\/div>\n\t\t<\/div>\n\t\t\t\t\t<\/div>\n\t\t<\/section>\n\t\t\t\t<section class=\"elementor-section elementor-top-section elementor-element elementor-element-77d004c elementor-section-boxed elementor-section-height-default elementor-section-height-default\" data-id=\"77d004c\" data-element_type=\"section\">\n\t\t\t\t\t\t<div class=\"elementor-container elementor-column-gap-default\">\n\t\t\t\t\t<div class=\"elementor-column elementor-col-100 elementor-top-column elementor-element elementor-element-8a39206\" data-id=\"8a39206\" data-element_type=\"column\">\n\t\t\t<div class=\"elementor-widget-wrap elementor-element-populated\">\n\t\t\t\t\t\t<div class=\"elementor-element elementor-element-c24e747 elementor-widget-divider--view-line elementor-widget elementor-widget-divider\" data-id=\"c24e747\" data-element_type=\"widget\" data-widget_type=\"divider.default\">\n\t\t\t\t<div class=\"elementor-widget-container\">\n\t\t\t\t\t<div class=\"elementor-divider\">\n\t\t\t<span class=\"elementor-divider-separator\">\n\t\t\t\t\t\t<\/span>\n\t\t<\/div>\n\t\t\t\t<\/div>\n\t\t\t\t<\/div>\n\t\t\t\t\t<\/div>\n\t\t<\/div>\n\t\t\t\t\t<\/div>\n\t\t<\/section>\n\t\t\t\t<section class=\"elementor-section elementor-top-section elementor-element elementor-element-5a995f9 elementor-section-boxed elementor-section-height-default elementor-section-height-default\" data-id=\"5a995f9\" data-element_type=\"section\">\n\t\t\t\t\t\t<div class=\"elementor-container elementor-column-gap-default\">\n\t\t\t\t\t<div class=\"elementor-column elementor-col-16 elementor-top-column elementor-element elementor-element-17e0538\" data-id=\"17e0538\" data-element_type=\"column\">\n\t\t\t<div class=\"elementor-widget-wrap elementor-element-populated\">\n\t\t\t\t\t\t<div class=\"elementor-element elementor-element-a725d7d elementor-widget elementor-widget-image\" data-id=\"a725d7d\" data-element_type=\"widget\" data-widget_type=\"image.default\">\n\t\t\t\t<div class=\"elementor-widget-container\">\n\t\t\t\t\t\t\t\t\t\t\t\t\t<img loading=\"lazy\" decoding=\"async\" width=\"723\" height=\"1024\" src=\"https:\/\/jpa67.fr\/crejh\/wp-content\/uploads\/2022\/08\/scolariser_eleves_handicapes-723x1024.jpg\" class=\"attachment-large size-large wp-image-2597\" alt=\"couverture scolariser les \u00e9l\u00e8ves handicap\u00e9s\" srcset=\"https:\/\/jpa67.fr\/crejh\/wp-content\/uploads\/2022\/08\/scolariser_eleves_handicapes-723x1024.jpg 723w, https:\/\/jpa67.fr\/crejh\/wp-content\/uploads\/2022\/08\/scolariser_eleves_handicapes-212x300.jpg 212w, https:\/\/jpa67.fr\/crejh\/wp-content\/uploads\/2022\/08\/scolariser_eleves_handicapes-768x1087.jpg 768w, https:\/\/jpa67.fr\/crejh\/wp-content\/uploads\/2022\/08\/scolariser_eleves_handicapes-1085x1536.jpg 1085w, https:\/\/jpa67.fr\/crejh\/wp-content\/uploads\/2022\/08\/scolariser_eleves_handicapes.jpg 1341w\" sizes=\"(max-width: 723px) 100vw, 723px\" \/>\t\t\t\t\t\t\t\t\t\t\t\t\t<\/div>\n\t\t\t\t<\/div>\n\t\t\t\t\t<\/div>\n\t\t<\/div>\n\t\t\t\t<div class=\"elementor-column elementor-col-66 elementor-top-column elementor-element elementor-element-f7596a8\" data-id=\"f7596a8\" data-element_type=\"column\">\n\t\t\t<div class=\"elementor-widget-wrap elementor-element-populated\">\n\t\t\t\t\t\t<div class=\"elementor-element elementor-element-a1d625e elementor-widget elementor-widget-heading\" data-id=\"a1d625e\" data-element_type=\"widget\" data-widget_type=\"heading.default\">\n\t\t\t\t<div class=\"elementor-widget-container\">\n\t\t\t<h2 class=\"elementor-heading-title elementor-size-default\">Scolariser les \u00e9l\u00e8ves handicap\u00e9s - Collection Rep\u00e8res handicap<\/h2>\t\t<\/div>\n\t\t\t\t<\/div>\n\t\t\t\t<div class=\"elementor-element elementor-element-03ff360 elementor-widget elementor-widget-text-editor\" data-id=\"03ff360\" data-element_type=\"widget\" data-widget_type=\"text-editor.default\">\n\t\t\t\t<div class=\"elementor-widget-container\">\n\t\t\t\t\t\t\t<p>Ce document a \u00e9t\u00e9 \u00e9labor\u00e9 par le Bureau de l\u2019adaptation scolaire et de la scolarisation des \u00e9l\u00e8ves handicap\u00e9s de la Direction g\u00e9n\u00e9rale de l\u2019enseignement scolaire.<br \/><a href=\"http:\/\/media.eduscol.education.fr\/file\/ASH\/81\/9\/scolariser_eleves_handicapes_114819.pdf\" target=\"_blank\" rel=\"noopener\">http:\/\/media.eduscol.education.fr\/file\/ASH\/81\/9\/scolariser_eleves_handicapes_114819.pdf<\/a><\/p>\t\t\t\t\t\t<\/div>\n\t\t\t\t<\/div>\n\t\t\t\t\t<\/div>\n\t\t<\/div>\n\t\t\t\t<div class=\"elementor-column elementor-col-16 elementor-top-column elementor-element elementor-element-eee1244\" data-id=\"eee1244\" data-element_type=\"column\">\n\t\t\t<div class=\"elementor-widget-wrap elementor-element-populated\">\n\t\t\t\t\t\t<div class=\"elementor-element elementor-element-98c59c3 elementor-widget elementor-widget-image\" data-id=\"98c59c3\" data-element_type=\"widget\" data-widget_type=\"image.default\">\n\t\t\t\t<div class=\"elementor-widget-container\">\n\t\t\t\t\t\t\t\t\t\t\t\t\t<img decoding=\"async\" width=\"600\" height=\"600\" src=\"https:\/\/jpa67.fr\/crejh\/wp-content\/uploads\/2022\/08\/picto_handicaps_bleu.jpg\" class=\"attachment-large size-large wp-image-2547\" alt=\"pictos tous handicaps\" srcset=\"https:\/\/jpa67.fr\/crejh\/wp-content\/uploads\/2022\/08\/picto_handicaps_bleu.jpg 600w, https:\/\/jpa67.fr\/crejh\/wp-content\/uploads\/2022\/08\/picto_handicaps_bleu-300x300.jpg 300w, https:\/\/jpa67.fr\/crejh\/wp-content\/uploads\/2022\/08\/picto_handicaps_bleu-150x150.jpg 150w\" sizes=\"(max-width: 600px) 100vw, 600px\" \/>\t\t\t\t\t\t\t\t\t\t\t\t\t<\/div>\n\t\t\t\t<\/div>\n\t\t\t\t\t<\/div>\n\t\t<\/div>\n\t\t\t\t\t<\/div>\n\t\t<\/section>\n\t\t\t\t<section class=\"elementor-section elementor-top-section elementor-element elementor-element-f2a1863 elementor-section-boxed elementor-section-height-default elementor-section-height-default\" data-id=\"f2a1863\" data-element_type=\"section\">\n\t\t\t\t\t\t<div class=\"elementor-container elementor-column-gap-default\">\n\t\t\t\t\t<div class=\"elementor-column elementor-col-100 elementor-top-column elementor-element elementor-element-640b9cf\" data-id=\"640b9cf\" data-element_type=\"column\">\n\t\t\t<div class=\"elementor-widget-wrap elementor-element-populated\">\n\t\t\t\t\t\t<div class=\"elementor-element elementor-element-29cf017 elementor-widget-divider--view-line elementor-widget elementor-widget-divider\" data-id=\"29cf017\" data-element_type=\"widget\" data-widget_type=\"divider.default\">\n\t\t\t\t<div class=\"elementor-widget-container\">\n\t\t\t\t\t<div class=\"elementor-divider\">\n\t\t\t<span class=\"elementor-divider-separator\">\n\t\t\t\t\t\t<\/span>\n\t\t<\/div>\n\t\t\t\t<\/div>\n\t\t\t\t<\/div>\n\t\t\t\t\t<\/div>\n\t\t<\/div>\n\t\t\t\t\t<\/div>\n\t\t<\/section>\n\t\t\t\t<section class=\"elementor-section elementor-top-section elementor-element elementor-element-8bf69b7 elementor-section-boxed elementor-section-height-default elementor-section-height-default\" data-id=\"8bf69b7\" data-element_type=\"section\">\n\t\t\t\t\t\t<div class=\"elementor-container elementor-column-gap-default\">\n\t\t\t\t\t<div class=\"elementor-column elementor-col-16 elementor-top-column elementor-element elementor-element-60e246d\" data-id=\"60e246d\" data-element_type=\"column\">\n\t\t\t<div class=\"elementor-widget-wrap elementor-element-populated\">\n\t\t\t\t\t\t<div class=\"elementor-element elementor-element-0d17d7c elementor-widget elementor-widget-image\" data-id=\"0d17d7c\" data-element_type=\"widget\" data-widget_type=\"image.default\">\n\t\t\t\t<div class=\"elementor-widget-container\">\n\t\t\t\t\t\t\t\t\t\t\t\t\t<img loading=\"lazy\" decoding=\"async\" width=\"700\" height=\"986\" src=\"https:\/\/jpa67.fr\/crejh\/wp-content\/uploads\/2022\/08\/Scolariser-les-eleves-sourd-ou-malentendants.gif\" class=\"attachment-large size-large wp-image-2596\" alt=\"couverture scolariser les \u00e9l\u00e8ves sourds ou malentendants\" \/>\t\t\t\t\t\t\t\t\t\t\t\t\t<\/div>\n\t\t\t\t<\/div>\n\t\t\t\t\t<\/div>\n\t\t<\/div>\n\t\t\t\t<div class=\"elementor-column elementor-col-66 elementor-top-column elementor-element elementor-element-0e8320c\" data-id=\"0e8320c\" data-element_type=\"column\">\n\t\t\t<div class=\"elementor-widget-wrap elementor-element-populated\">\n\t\t\t\t\t\t<div class=\"elementor-element elementor-element-660f9ac elementor-widget elementor-widget-heading\" data-id=\"660f9ac\" data-element_type=\"widget\" data-widget_type=\"heading.default\">\n\t\t\t\t<div class=\"elementor-widget-container\">\n\t\t\t<h2 class=\"elementor-heading-title elementor-size-default\">Scolariser les \u00e9l\u00e8ves sourd ou malentendants - Minist\u00e8re de l\u2019\u00c9ducation nationale, Direction g\u00e9n\u00e9rale de l\u2019Enseignement scolaire<\/h2>\t\t<\/div>\n\t\t\t\t<\/div>\n\t\t\t\t<div class=\"elementor-element elementor-element-3cbc82a elementor-widget elementor-widget-text-editor\" data-id=\"3cbc82a\" data-element_type=\"widget\" data-widget_type=\"text-editor.default\">\n\t\t\t\t<div class=\"elementor-widget-container\">\n\t\t\t\t\t\t\t<p><a href=\"http:\/\/www.handiplace.org\/media\/pdf\/autres\/guide_scolariser_eleves_sourds_et_malentendants_142904.pdf\" target=\"_blank\" rel=\"noopener\">http:\/\/www.handiplace.org\/media\/pdf\/autres\/guide_scolariser_eleves_sourds_et_malentendants_142904.pdf<\/a><\/p>\t\t\t\t\t\t<\/div>\n\t\t\t\t<\/div>\n\t\t\t\t\t<\/div>\n\t\t<\/div>\n\t\t\t\t<div class=\"elementor-column elementor-col-16 elementor-top-column elementor-element elementor-element-2f9708e\" data-id=\"2f9708e\" data-element_type=\"column\">\n\t\t\t<div class=\"elementor-widget-wrap elementor-element-populated\">\n\t\t\t\t\t\t<div class=\"elementor-element elementor-element-60eae4e elementor-widget elementor-widget-image\" data-id=\"60eae4e\" data-element_type=\"widget\" data-widget_type=\"image.default\">\n\t\t\t\t<div class=\"elementor-widget-container\">\n\t\t\t\t\t\t\t\t\t\t\t\t\t<img loading=\"lazy\" decoding=\"async\" width=\"600\" height=\"600\" src=\"https:\/\/jpa67.fr\/crejh\/wp-content\/uploads\/2022\/08\/picto_handicap_bleu.jpg\" class=\"attachment-large size-large wp-image-2544\" alt=\"picto handicap auditif\" srcset=\"https:\/\/jpa67.fr\/crejh\/wp-content\/uploads\/2022\/08\/picto_handicap_bleu.jpg 600w, https:\/\/jpa67.fr\/crejh\/wp-content\/uploads\/2022\/08\/picto_handicap_bleu-300x300.jpg 300w, https:\/\/jpa67.fr\/crejh\/wp-content\/uploads\/2022\/08\/picto_handicap_bleu-150x150.jpg 150w\" sizes=\"(max-width: 600px) 100vw, 600px\" \/>\t\t\t\t\t\t\t\t\t\t\t\t\t<\/div>\n\t\t\t\t<\/div>\n\t\t\t\t\t<\/div>\n\t\t<\/div>\n\t\t\t\t\t<\/div>\n\t\t<\/section>\n\t\t\t\t<section class=\"elementor-section elementor-top-section elementor-element elementor-element-f664438 elementor-section-boxed elementor-section-height-default elementor-section-height-default\" data-id=\"f664438\" data-element_type=\"section\">\n\t\t\t\t\t\t<div class=\"elementor-container elementor-column-gap-default\">\n\t\t\t\t\t<div class=\"elementor-column elementor-col-100 elementor-top-column elementor-element elementor-element-40c6f75\" data-id=\"40c6f75\" data-element_type=\"column\">\n\t\t\t<div class=\"elementor-widget-wrap elementor-element-populated\">\n\t\t\t\t\t\t<div class=\"elementor-element elementor-element-fe3c0e9 elementor-widget-divider--view-line elementor-widget elementor-widget-divider\" data-id=\"fe3c0e9\" data-element_type=\"widget\" data-widget_type=\"divider.default\">\n\t\t\t\t<div class=\"elementor-widget-container\">\n\t\t\t\t\t<div class=\"elementor-divider\">\n\t\t\t<span class=\"elementor-divider-separator\">\n\t\t\t\t\t\t<\/span>\n\t\t<\/div>\n\t\t\t\t<\/div>\n\t\t\t\t<\/div>\n\t\t\t\t\t<\/div>\n\t\t<\/div>\n\t\t\t\t\t<\/div>\n\t\t<\/section>\n\t\t\t\t<section class=\"elementor-section elementor-top-section elementor-element elementor-element-109930c elementor-section-boxed elementor-section-height-default elementor-section-height-default\" data-id=\"109930c\" data-element_type=\"section\">\n\t\t\t\t\t\t<div class=\"elementor-container elementor-column-gap-default\">\n\t\t\t\t\t<div class=\"elementor-column elementor-col-16 elementor-top-column elementor-element elementor-element-e15fdc3\" data-id=\"e15fdc3\" data-element_type=\"column\">\n\t\t\t<div class=\"elementor-widget-wrap elementor-element-populated\">\n\t\t\t\t\t\t<div class=\"elementor-element elementor-element-2ab3a1b elementor-widget elementor-widget-image\" data-id=\"2ab3a1b\" data-element_type=\"widget\" data-widget_type=\"image.default\">\n\t\t\t\t<div class=\"elementor-widget-container\">\n\t\t\t\t\t\t\t\t\t\t\t\t\t<img loading=\"lazy\" decoding=\"async\" width=\"724\" height=\"1024\" src=\"https:\/\/jpa67.fr\/crejh\/wp-content\/uploads\/2022\/08\/scolariser-les-eleves-autistes_Page_01-724x1024.jpg\" class=\"attachment-large size-large wp-image-2598\" alt=\"couverture scolariser les \u00e9l\u00e8ves autistes\" srcset=\"https:\/\/jpa67.fr\/crejh\/wp-content\/uploads\/2022\/08\/scolariser-les-eleves-autistes_Page_01-724x1024.jpg 724w, https:\/\/jpa67.fr\/crejh\/wp-content\/uploads\/2022\/08\/scolariser-les-eleves-autistes_Page_01-212x300.jpg 212w, https:\/\/jpa67.fr\/crejh\/wp-content\/uploads\/2022\/08\/scolariser-les-eleves-autistes_Page_01-768x1086.jpg 768w, https:\/\/jpa67.fr\/crejh\/wp-content\/uploads\/2022\/08\/scolariser-les-eleves-autistes_Page_01.jpg 1009w\" sizes=\"(max-width: 724px) 100vw, 724px\" \/>\t\t\t\t\t\t\t\t\t\t\t\t\t<\/div>\n\t\t\t\t<\/div>\n\t\t\t\t\t<\/div>\n\t\t<\/div>\n\t\t\t\t<div class=\"elementor-column elementor-col-66 elementor-top-column elementor-element elementor-element-d80de82\" data-id=\"d80de82\" data-element_type=\"column\">\n\t\t\t<div class=\"elementor-widget-wrap elementor-element-populated\">\n\t\t\t\t\t\t<div class=\"elementor-element elementor-element-eb72763 elementor-widget elementor-widget-heading\" data-id=\"eb72763\" data-element_type=\"widget\" data-widget_type=\"heading.default\">\n\t\t\t\t<div class=\"elementor-widget-container\">\n\t\t\t<h2 class=\"elementor-heading-title elementor-size-default\">Scolariser les \u00e9l\u00e8ves autistes - Collection rep\u00e8res handicap<\/h2>\t\t<\/div>\n\t\t\t\t<\/div>\n\t\t\t\t<div class=\"elementor-element elementor-element-fb2f5b9 elementor-widget elementor-widget-text-editor\" data-id=\"fb2f5b9\" data-element_type=\"widget\" data-widget_type=\"text-editor.default\">\n\t\t\t\t<div class=\"elementor-widget-container\">\n\t\t\t\t\t\t\t<p><a href=\"http:\/\/media.education.gouv.fr\/file\/ASH\/57\/5\/guide_eleves_autistes_130575.pdf\" target=\"_blank\" rel=\"noopener\">http:\/\/media.education.gouv.fr\/file\/ASH\/57\/5\/guide_eleves_autistes_130575.pdf<\/a><\/p>\t\t\t\t\t\t<\/div>\n\t\t\t\t<\/div>\n\t\t\t\t\t<\/div>\n\t\t<\/div>\n\t\t\t\t<div class=\"elementor-column elementor-col-16 elementor-top-column elementor-element elementor-element-79c7b8d\" data-id=\"79c7b8d\" data-element_type=\"column\">\n\t\t\t<div class=\"elementor-widget-wrap elementor-element-populated\">\n\t\t\t\t\t\t<div class=\"elementor-element elementor-element-9d569e3 elementor-widget elementor-widget-image\" data-id=\"9d569e3\" data-element_type=\"widget\" data-widget_type=\"image.default\">\n\t\t\t\t<div class=\"elementor-widget-container\">\n\t\t\t\t\t\t\t\t\t\t\t\t\t<img decoding=\"async\" width=\"600\" height=\"600\" src=\"https:\/\/jpa67.fr\/crejh\/wp-content\/uploads\/2022\/08\/picto_handicaps_bleu.jpg\" class=\"attachment-large size-large wp-image-2547\" alt=\"pictos tous handicaps\" srcset=\"https:\/\/jpa67.fr\/crejh\/wp-content\/uploads\/2022\/08\/picto_handicaps_bleu.jpg 600w, https:\/\/jpa67.fr\/crejh\/wp-content\/uploads\/2022\/08\/picto_handicaps_bleu-300x300.jpg 300w, https:\/\/jpa67.fr\/crejh\/wp-content\/uploads\/2022\/08\/picto_handicaps_bleu-150x150.jpg 150w\" sizes=\"(max-width: 600px) 100vw, 600px\" \/>\t\t\t\t\t\t\t\t\t\t\t\t\t<\/div>\n\t\t\t\t<\/div>\n\t\t\t\t\t<\/div>\n\t\t<\/div>\n\t\t\t\t\t<\/div>\n\t\t<\/section>\n\t\t\t\t<section class=\"elementor-section elementor-top-section elementor-element elementor-element-633478d elementor-section-boxed elementor-section-height-default elementor-section-height-default\" data-id=\"633478d\" data-element_type=\"section\">\n\t\t\t\t\t\t<div class=\"elementor-container elementor-column-gap-default\">\n\t\t\t\t\t<div class=\"elementor-column elementor-col-100 elementor-top-column elementor-element elementor-element-13f7248\" data-id=\"13f7248\" data-element_type=\"column\">\n\t\t\t<div class=\"elementor-widget-wrap elementor-element-populated\">\n\t\t\t\t\t\t<div class=\"elementor-element elementor-element-53453c4 elementor-widget-divider--view-line elementor-widget elementor-widget-divider\" data-id=\"53453c4\" data-element_type=\"widget\" data-widget_type=\"divider.default\">\n\t\t\t\t<div class=\"elementor-widget-container\">\n\t\t\t\t\t<div class=\"elementor-divider\">\n\t\t\t<span class=\"elementor-divider-separator\">\n\t\t\t\t\t\t<\/span>\n\t\t<\/div>\n\t\t\t\t<\/div>\n\t\t\t\t<\/div>\n\t\t\t\t\t<\/div>\n\t\t<\/div>\n\t\t\t\t\t<\/div>\n\t\t<\/section>\n\t\t\t\t<section class=\"elementor-section elementor-top-section elementor-element elementor-element-6df184e elementor-section-boxed elementor-section-height-default elementor-section-height-default\" data-id=\"6df184e\" data-element_type=\"section\">\n\t\t\t\t\t\t<div class=\"elementor-container elementor-column-gap-default\">\n\t\t\t\t\t<div class=\"elementor-column elementor-col-16 elementor-top-column elementor-element elementor-element-ce7a428\" data-id=\"ce7a428\" data-element_type=\"column\">\n\t\t\t<div class=\"elementor-widget-wrap elementor-element-populated\">\n\t\t\t\t\t\t<div class=\"elementor-element elementor-element-09fea15 elementor-widget elementor-widget-image\" data-id=\"09fea15\" data-element_type=\"widget\" data-widget_type=\"image.default\">\n\t\t\t\t<div class=\"elementor-widget-container\">\n\t\t\t\t\t\t\t\t\t\t\t\t\t<img loading=\"lazy\" decoding=\"async\" width=\"697\" height=\"1024\" src=\"https:\/\/jpa67.fr\/crejh\/wp-content\/uploads\/2022\/08\/troubles-dys-de-l-enfant-697x1024.jpg\" class=\"attachment-large size-large wp-image-2600\" alt=\"couverture Guide ressources parents troubles dys de l&#039;enfant\" srcset=\"https:\/\/jpa67.fr\/crejh\/wp-content\/uploads\/2022\/08\/troubles-dys-de-l-enfant-697x1024.jpg 697w, https:\/\/jpa67.fr\/crejh\/wp-content\/uploads\/2022\/08\/troubles-dys-de-l-enfant-204x300.jpg 204w, https:\/\/jpa67.fr\/crejh\/wp-content\/uploads\/2022\/08\/troubles-dys-de-l-enfant-768x1129.jpg 768w, https:\/\/jpa67.fr\/crejh\/wp-content\/uploads\/2022\/08\/troubles-dys-de-l-enfant-1045x1536.jpg 1045w, https:\/\/jpa67.fr\/crejh\/wp-content\/uploads\/2022\/08\/troubles-dys-de-l-enfant-1394x2048.jpg 1394w, https:\/\/jpa67.fr\/crejh\/wp-content\/uploads\/2022\/08\/troubles-dys-de-l-enfant-scaled.jpg 1742w\" sizes=\"(max-width: 697px) 100vw, 697px\" \/>\t\t\t\t\t\t\t\t\t\t\t\t\t<\/div>\n\t\t\t\t<\/div>\n\t\t\t\t\t<\/div>\n\t\t<\/div>\n\t\t\t\t<div class=\"elementor-column elementor-col-66 elementor-top-column elementor-element elementor-element-d0986e2\" data-id=\"d0986e2\" data-element_type=\"column\">\n\t\t\t<div class=\"elementor-widget-wrap elementor-element-populated\">\n\t\t\t\t\t\t<div class=\"elementor-element elementor-element-095689a elementor-widget elementor-widget-heading\" data-id=\"095689a\" data-element_type=\"widget\" data-widget_type=\"heading.default\">\n\t\t\t\t<div class=\"elementor-widget-container\">\n\t\t\t<h2 class=\"elementor-heading-title elementor-size-default\">Troubles \u00ab dys \u00bb de l\u2019enfant - Inp\u00e8s<\/h2>\t\t<\/div>\n\t\t\t\t<\/div>\n\t\t\t\t<div class=\"elementor-element elementor-element-a9cd44e elementor-widget elementor-widget-text-editor\" data-id=\"a9cd44e\" data-element_type=\"widget\" data-widget_type=\"text-editor.default\">\n\t\t\t\t<div class=\"elementor-widget-container\">\n\t\t\t\t\t\t\t<p><a href=\"http:\/\/inpes.santepubliquefrance.fr\/CFESBases\/catalogue\/pdf\/1276.pdf\" target=\"_blank\" rel=\"noopener\">http:\/\/inpes.santepubliquefrance.fr\/CFESBases\/catalogue\/pdf\/1276.pdf<\/a><\/p>\t\t\t\t\t\t<\/div>\n\t\t\t\t<\/div>\n\t\t\t\t\t<\/div>\n\t\t<\/div>\n\t\t\t\t<div class=\"elementor-column elementor-col-16 elementor-top-column elementor-element elementor-element-6d72d99\" data-id=\"6d72d99\" data-element_type=\"column\">\n\t\t\t<div class=\"elementor-widget-wrap elementor-element-populated\">\n\t\t\t\t\t\t<div class=\"elementor-element elementor-element-b7dd60e elementor-widget elementor-widget-image\" data-id=\"b7dd60e\" data-element_type=\"widget\" data-widget_type=\"image.default\">\n\t\t\t\t<div class=\"elementor-widget-container\">\n\t\t\t\t\t\t\t\t\t\t\t\t\t<img decoding=\"async\" width=\"600\" height=\"600\" src=\"https:\/\/jpa67.fr\/crejh\/wp-content\/uploads\/2022\/08\/picto_handicaps_bleu.jpg\" class=\"attachment-large size-large wp-image-2547\" alt=\"pictos tous handicaps\" srcset=\"https:\/\/jpa67.fr\/crejh\/wp-content\/uploads\/2022\/08\/picto_handicaps_bleu.jpg 600w, https:\/\/jpa67.fr\/crejh\/wp-content\/uploads\/2022\/08\/picto_handicaps_bleu-300x300.jpg 300w, https:\/\/jpa67.fr\/crejh\/wp-content\/uploads\/2022\/08\/picto_handicaps_bleu-150x150.jpg 150w\" sizes=\"(max-width: 600px) 100vw, 600px\" \/>\t\t\t\t\t\t\t\t\t\t\t\t\t<\/div>\n\t\t\t\t<\/div>\n\t\t\t\t\t<\/div>\n\t\t<\/div>\n\t\t\t\t\t<\/div>\n\t\t<\/section>\n\t\t\t\t<section class=\"elementor-section elementor-top-section elementor-element elementor-element-42bc3e1 elementor-section-boxed elementor-section-height-default elementor-section-height-default\" data-id=\"42bc3e1\" data-element_type=\"section\">\n\t\t\t\t\t\t<div class=\"elementor-container elementor-column-gap-default\">\n\t\t\t\t\t<div class=\"elementor-column elementor-col-100 elementor-top-column elementor-element elementor-element-0efa55d\" data-id=\"0efa55d\" data-element_type=\"column\">\n\t\t\t<div class=\"elementor-widget-wrap elementor-element-populated\">\n\t\t\t\t\t\t<div class=\"elementor-element elementor-element-5d6e7e2 elementor-widget-divider--view-line elementor-widget elementor-widget-divider\" data-id=\"5d6e7e2\" data-element_type=\"widget\" data-widget_type=\"divider.default\">\n\t\t\t\t<div class=\"elementor-widget-container\">\n\t\t\t\t\t<div class=\"elementor-divider\">\n\t\t\t<span class=\"elementor-divider-separator\">\n\t\t\t\t\t\t<\/span>\n\t\t<\/div>\n\t\t\t\t<\/div>\n\t\t\t\t<\/div>\n\t\t\t\t\t<\/div>\n\t\t<\/div>\n\t\t\t\t\t<\/div>\n\t\t<\/section>\n\t\t\t\t<section class=\"elementor-section elementor-top-section elementor-element elementor-element-bd0cf35 elementor-section-boxed elementor-section-height-default elementor-section-height-default\" data-id=\"bd0cf35\" data-element_type=\"section\">\n\t\t\t\t\t\t<div class=\"elementor-container elementor-column-gap-default\">\n\t\t\t\t\t<div class=\"elementor-column elementor-col-16 elementor-top-column elementor-element elementor-element-dad9b03\" data-id=\"dad9b03\" data-element_type=\"column\">\n\t\t\t<div class=\"elementor-widget-wrap elementor-element-populated\">\n\t\t\t\t\t\t<div class=\"elementor-element elementor-element-8c707dd elementor-widget elementor-widget-image\" data-id=\"8c707dd\" data-element_type=\"widget\" data-widget_type=\"image.default\">\n\t\t\t\t<div class=\"elementor-widget-container\">\n\t\t\t\t\t\t\t\t\t\t\t\t\t<img loading=\"lazy\" decoding=\"async\" width=\"676\" height=\"1024\" src=\"https:\/\/jpa67.fr\/crejh\/wp-content\/uploads\/2022\/08\/la-surdite-de-l-enfant_Page_01-676x1024.jpg\" class=\"attachment-large size-large wp-image-2652\" alt=\"couverture la surdit\u00e9 de l&#039;enfant\" srcset=\"https:\/\/jpa67.fr\/crejh\/wp-content\/uploads\/2022\/08\/la-surdite-de-l-enfant_Page_01-676x1024.jpg 676w, https:\/\/jpa67.fr\/crejh\/wp-content\/uploads\/2022\/08\/la-surdite-de-l-enfant_Page_01-198x300.jpg 198w, https:\/\/jpa67.fr\/crejh\/wp-content\/uploads\/2022\/08\/la-surdite-de-l-enfant_Page_01-768x1164.jpg 768w, https:\/\/jpa67.fr\/crejh\/wp-content\/uploads\/2022\/08\/la-surdite-de-l-enfant_Page_01-1013x1536.jpg 1013w, https:\/\/jpa67.fr\/crejh\/wp-content\/uploads\/2022\/08\/la-surdite-de-l-enfant_Page_01-1351x2048.jpg 1351w, https:\/\/jpa67.fr\/crejh\/wp-content\/uploads\/2022\/08\/la-surdite-de-l-enfant_Page_01-scaled.jpg 1689w\" sizes=\"(max-width: 676px) 100vw, 676px\" \/>\t\t\t\t\t\t\t\t\t\t\t\t\t<\/div>\n\t\t\t\t<\/div>\n\t\t\t\t\t<\/div>\n\t\t<\/div>\n\t\t\t\t<div class=\"elementor-column elementor-col-66 elementor-top-column elementor-element elementor-element-da05a91\" data-id=\"da05a91\" data-element_type=\"column\">\n\t\t\t<div class=\"elementor-widget-wrap elementor-element-populated\">\n\t\t\t\t\t\t<div class=\"elementor-element elementor-element-1f32389 elementor-widget elementor-widget-heading\" data-id=\"1f32389\" data-element_type=\"widget\" data-widget_type=\"heading.default\">\n\t\t\t\t<div class=\"elementor-widget-container\">\n\t\t\t<h2 class=\"elementor-heading-title elementor-size-default\">\u00ab Vivre ensemble \u00bb | Guide des civilit\u00e9s \u00e0 l\u2019usage des gens ordinaires - AGEFIPH\/Vivre ensemble<\/h2>\t\t<\/div>\n\t\t\t\t<\/div>\n\t\t\t\t<div class=\"elementor-element elementor-element-506bf92 elementor-widget elementor-widget-text-editor\" data-id=\"506bf92\" data-element_type=\"widget\" data-widget_type=\"text-editor.default\">\n\t\t\t\t<div class=\"elementor-widget-container\">\n\t\t\t\t\t\t\t<p><a href=\"http:\/\/www.mdph37.fr\/fichiers\/guide_des_civilites\/guide_des_civilites.pdf\" target=\"_blank\" rel=\"noopener\">http:\/\/www.mdph37.fr\/fichiers\/guide_des_civilites\/guide_des_civilites.pdf<\/a><\/p>\t\t\t\t\t\t<\/div>\n\t\t\t\t<\/div>\n\t\t\t\t\t<\/div>\n\t\t<\/div>\n\t\t\t\t<div class=\"elementor-column elementor-col-16 elementor-top-column elementor-element elementor-element-708d147\" data-id=\"708d147\" data-element_type=\"column\">\n\t\t\t<div class=\"elementor-widget-wrap elementor-element-populated\">\n\t\t\t\t\t\t<div class=\"elementor-element elementor-element-92a9a96 elementor-widget elementor-widget-image\" data-id=\"92a9a96\" data-element_type=\"widget\" data-widget_type=\"image.default\">\n\t\t\t\t<div class=\"elementor-widget-container\">\n\t\t\t\t\t\t\t\t\t\t\t\t\t<img decoding=\"async\" width=\"600\" height=\"600\" src=\"https:\/\/jpa67.fr\/crejh\/wp-content\/uploads\/2022\/08\/picto_handicaps_bleu.jpg\" class=\"attachment-large size-large wp-image-2547\" alt=\"pictos tous handicaps\" srcset=\"https:\/\/jpa67.fr\/crejh\/wp-content\/uploads\/2022\/08\/picto_handicaps_bleu.jpg 600w, https:\/\/jpa67.fr\/crejh\/wp-content\/uploads\/2022\/08\/picto_handicaps_bleu-300x300.jpg 300w, https:\/\/jpa67.fr\/crejh\/wp-content\/uploads\/2022\/08\/picto_handicaps_bleu-150x150.jpg 150w\" sizes=\"(max-width: 600px) 100vw, 600px\" \/>\t\t\t\t\t\t\t\t\t\t\t\t\t<\/div>\n\t\t\t\t<\/div>\n\t\t\t\t\t<\/div>\n\t\t<\/div>\n\t\t\t\t\t<\/div>\n\t\t<\/section>\n\t\t\t\t<section class=\"elementor-section elementor-top-section elementor-element elementor-element-c567a3f elementor-section-boxed elementor-section-height-default elementor-section-height-default\" data-id=\"c567a3f\" data-element_type=\"section\">\n\t\t\t\t\t\t<div class=\"elementor-container elementor-column-gap-default\">\n\t\t\t\t\t<div class=\"elementor-column elementor-col-100 elementor-top-column elementor-element elementor-element-6399f57\" data-id=\"6399f57\" data-element_type=\"column\">\n\t\t\t<div class=\"elementor-widget-wrap elementor-element-populated\">\n\t\t\t\t\t\t<div class=\"elementor-element elementor-element-1a9e0b8 elementor-widget elementor-widget-spacer\" data-id=\"1a9e0b8\" data-element_type=\"widget\" data-widget_type=\"spacer.default\">\n\t\t\t\t<div class=\"elementor-widget-container\">\n\t\t\t\t\t<div class=\"elementor-spacer\">\n\t\t\t<div class=\"elementor-spacer-inner\"><\/div>\n\t\t<\/div>\n\t\t\t\t<\/div>\n\t\t\t\t<\/div>\n\t\t\t\t\t<\/div>\n\t\t<\/div>\n\t\t\t\t\t<\/div>\n\t\t<\/section>\n\t\t\t\t<\/div>\n\t\t","protected":false},"excerpt":{"rendered":"<p>Retour aux cat\u00e9gories Accueillir un enfant en situation de handicap, Guide \u00e0 l\u2019usage des organisateurs, des directeurs et des \u00e9quipes &#8211; Direction D\u00e9partementale de la Jeunesse et des Sports de la Vend\u00e9e Recommandations ACM 2022 Accueillir un enfant en situation de handicap, Guide \u00e0 l\u2019usage des organisateurs, des directeurs et des \u00e9quipes &#8211; Direction D\u00e9partementale [&hellip;]<\/p>\n","protected":false},"author":1,"featured_media":0,"parent":3078,"menu_order":0,"comment_status":"closed","ping_status":"closed","template":"","meta":{"footnotes":""},"class_list":["post-3089","page","type-page","status-publish","hentry"],"_links":{"self":[{"href":"https:\/\/jpa67.fr\/crejh\/wp-json\/wp\/v2\/pages\/3089","targetHints":{"allow":["GET"]}}],"collection":[{"href":"https:\/\/jpa67.fr\/crejh\/wp-json\/wp\/v2\/pages"}],"about":[{"href":"https:\/\/jpa67.fr\/crejh\/wp-json\/wp\/v2\/types\/page"}],"author":[{"embeddable":true,"href":"https:\/\/jpa67.fr\/crejh\/wp-json\/wp\/v2\/users\/1"}],"replies":[{"embeddable":true,"href":"https:\/\/jpa67.fr\/crejh\/wp-json\/wp\/v2\/comments?post=3089"}],"version-history":[{"count":64,"href":"https:\/\/jpa67.fr\/crejh\/wp-json\/wp\/v2\/pages\/3089\/revisions"}],"predecessor-version":[{"id":4248,"href":"https:\/\/jpa67.fr\/crejh\/wp-json\/wp\/v2\/pages\/3089\/revisions\/4248"}],"up":[{"embeddable":true,"href":"https:\/\/jpa67.fr\/crejh\/wp-json\/wp\/v2\/pages\/3078"}],"wp:attachment":[{"href":"https:\/\/jpa67.fr\/crejh\/wp-json\/wp\/v2\/media?parent=3089"}],"curies":[{"name":"wp","href":"https:\/\/api.w.org\/{rel}","templated":true}]}}